{"id":49798,"date":"2024-12-06T06:50:56","date_gmt":"2024-12-06T05:50:56","guid":{"rendered":"https:\/\/ethrat.ch\/?page_id=49798"},"modified":"2025-03-27T16:00:31","modified_gmt":"2025-03-27T15:00:31","slug":"le-contexte-du-developpement-organisationnel","status":"publish","type":"page","link":"https:\/\/ethrat.ch\/fr\/domaine-des-epf\/le-contexte-du-developpement-organisationnel\/","title":{"rendered":"Le contexte du d\u00e9veloppement organisationnel"},"content":{"rendered":"\t\t<div data-elementor-type=\"wp-page\" data-elementor-id=\"49798\" class=\"elementor elementor-49798 elementor-49629\" data-elementor-post-type=\"page\">\n\t\t\t\t\t\t<section class=\"elementor-section elementor-top-section elementor-element elementor-element-9608200 elementor-section-boxed elementor-section-height-default elementor-section-height-default\" data-id=\"9608200\" data-element_type=\"section\" data-e-type=\"section\">\n\t\t\t\t\t\t<div class=\"elementor-container elementor-column-gap-default\">\n\t\t\t\t\t<div class=\"elementor-column elementor-col-100 elementor-top-column elementor-element elementor-element-03b7f3f\" data-id=\"03b7f3f\" data-element_type=\"column\" data-e-type=\"column\" data-settings=\"{&quot;background_background&quot;:&quot;classic&quot;}\">\n\t\t\t<div class=\"elementor-widget-wrap elementor-element-populated\">\n\t\t\t\t\t\t<div class=\"elementor-element elementor-element-8a9cdaf elementor-widget elementor-widget-image\" data-id=\"8a9cdaf\" data-element_type=\"widget\" data-e-type=\"widget\" data-widget_type=\"image.default\">\n\t\t\t\t<div class=\"elementor-widget-container\">\n\t\t\t\t\t\t\t\t\t\t\t\t\t\t\t<img decoding=\"async\" width=\"2560\" height=\"1440\" src=\"https:\/\/ethrat.ch\/wp-content\/uploads\/2025\/03\/fit_Hintergruende-_web-scaled.jpg\" class=\"attachment-full size-full wp-image-51739\" alt=\"\" srcset=\"https:\/\/ethrat.ch\/wp-content\/uploads\/2025\/03\/fit_Hintergruende-_web-scaled.jpg 2560w, https:\/\/ethrat.ch\/wp-content\/uploads\/2025\/03\/fit_Hintergruende-_web-300x169.jpg 300w, https:\/\/ethrat.ch\/wp-content\/uploads\/2025\/03\/fit_Hintergruende-_web-1024x576.jpg 1024w, https:\/\/ethrat.ch\/wp-content\/uploads\/2025\/03\/fit_Hintergruende-_web-768x432.jpg 768w, https:\/\/ethrat.ch\/wp-content\/uploads\/2025\/03\/fit_Hintergruende-_web-1536x864.jpg 1536w, https:\/\/ethrat.ch\/wp-content\/uploads\/2025\/03\/fit_Hintergruende-_web-2048x1152.jpg 2048w\" sizes=\"(max-width: 2560px) 100vw, 2560px\" \/>\t\t\t\t\t\t\t\t\t\t\t\t\t\t\t<\/div>\n\t\t\t\t<\/div>\n\t\t\t\t\t<\/div>\n\t\t<\/div>\n\t\t\t\t\t<\/div>\n\t\t<\/section>\n\t\t\t\t<section class=\"elementor-section elementor-top-section elementor-element elementor-element-2d3b43f6 elementor-section-boxed elementor-section-height-default elementor-section-height-default\" data-id=\"2d3b43f6\" data-element_type=\"section\" data-e-type=\"section\">\n\t\t\t\t\t\t<div class=\"elementor-container elementor-column-gap-default\">\n\t\t\t\t\t<div class=\"elementor-column elementor-col-100 elementor-top-column elementor-element elementor-element-64c64c6d\" data-id=\"64c64c6d\" data-element_type=\"column\" data-e-type=\"column\">\n\t\t\t<div class=\"elementor-widget-wrap elementor-element-populated\">\n\t\t\t\t\t\t<div class=\"elementor-element elementor-element-49d50d47 elementor-widget__width-initial elementor-widget elementor-widget-heading\" data-id=\"49d50d47\" data-element_type=\"widget\" data-e-type=\"widget\" data-widget_type=\"heading.default\">\n\t\t\t\t<div class=\"elementor-widget-container\">\n\t\t\t\t\t<h1 class=\"elementor-heading-title elementor-size-default\">Le contexte du d\u00e9veloppement organisationnel<\/h1>\t\t\t\t<\/div>\n\t\t\t\t<\/div>\n\t\t\t\t<div class=\"elementor-element elementor-element-79ce552 elementor-widget elementor-widget-text-editor\" data-id=\"79ce552\" data-element_type=\"widget\" data-e-type=\"widget\" data-widget_type=\"text-editor.default\">\n\t\t\t\t<div class=\"elementor-widget-container\">\n\t\t\t\t\t\t\t\t\t<div class=\"elementor-element elementor-element-79ce552 elementor-widget elementor-widget-text-editor\" data-id=\"79ce552\" data-element_type=\"widget\" data-widget_type=\"text-editor.default\">\n<div class=\"elementor-widget-container\">\n<h3>Par\u00e9 pour l\u2019avenir: de l\u2019industrialisation \u00e0 l\u2019\u00e8re de la num\u00e9risation<\/h3>\n<\/div>\n<\/div>\n\t\t\t\t\t\t\t\t<\/div>\n\t\t\t\t<\/div>\n\t\t\t\t<div class=\"elementor-element elementor-element-8408384 elementor-widget elementor-widget-text-editor\" data-id=\"8408384\" data-element_type=\"widget\" data-e-type=\"widget\" data-widget_type=\"text-editor.default\">\n\t\t\t\t<div class=\"elementor-widget-container\">\n\t\t\t\t\t\t\t\t\t<p>En 1855, l\u2019Ecole polytechnique, aujourd\u2019hui l\u2019ETH Zurich, a \u00e9t\u00e9 fond\u00e9e dans le but de former des ing\u00e9nieures et ing\u00e9nieurs pour la Suisse, notamment pour la construction de routes, de chemins de fer et de ponts ainsi que pour la chimie industrielle. Aujourd\u2019hui, nous sommes entr\u00e9s dans l\u2019\u00e8re du num\u00e9rique, dont les grands th\u00e8mes sont l\u2019intelligence artificielle, la science des donn\u00e9es et la cybers\u00e9curit\u00e9. Pour cela aussi, la formation et la recherche sont n\u00e9cessaires pour que la Suisse puisse relever ces d\u00e9fis avec succ\u00e8s dans la concurrence mondiale.<\/p>\n<p>La structure du Domaine des EPF n\u2019a cess\u00e9 d\u2019\u00e9voluer au fil du temps et l\u2019organisation actuelle s\u2019est av\u00e9r\u00e9e tr\u00e8s efficace \u00e0 bien des \u00e9gards. Ainsi, l\u2019ETH Zurich, l\u2019EPFL, le PSI, le WSL, l\u2019Empa et l\u2019Eawag fonctionnent bien et d\u00e9veloppent avec succ\u00e8s leurs portefeuilles dans les domaines d\u2019activit\u00e9 de leur mandat. Les diff\u00e9rentes \u00abraisons d\u2019\u00eatre\u00bb des deux hautes \u00e9coles et des quatre \u00e9tablissements de recherche, qui se compl\u00e8tent mutuellement, permettent au Domaine des EPF de couvrir une large palette d\u2019activit\u00e9s dans la recherche et l\u2019enseignement ainsi que dans le transfert de connaissances et de technologies.<\/p>\n<p>Ils cr\u00e9ent \u00e0 eux six une valeur ajout\u00e9e importante: le Domaine des EPF dans son ensemble est plus que la somme de ses diff\u00e9rentes parties ou institutions individuelles. Gr\u00e2ce \u00e0 leur pr\u00e9sence dans 13 cantons, les institutions du Domaine des EPF, dont les noms et les marques sont appr\u00e9ci\u00e9s et reconnus, contribuent de mani\u00e8re d\u00e9cisive au d\u00e9veloppement r\u00e9gional en Suisse.<\/p>\n\t\t\t\t\t\t\t\t<\/div>\n\t\t\t\t<\/div>\n\t\t\t\t<div class=\"elementor-element elementor-element-1fd2fea elementor-widget elementor-widget-text-editor\" data-id=\"1fd2fea\" data-element_type=\"widget\" data-e-type=\"widget\" data-widget_type=\"text-editor.default\">\n\t\t\t\t<div class=\"elementor-widget-container\">\n\t\t\t\t\t\t\t\t\t<h3>Les nouveaux enjeux mondiaux exigent un nouveau type de collaboration<\/h3>\n\t\t\t\t\t\t\t\t<\/div>\n\t\t\t\t<\/div>\n\t\t\t\t<div class=\"elementor-element elementor-element-3265391 elementor-widget elementor-widget-text-editor\" data-id=\"3265391\" data-element_type=\"widget\" data-e-type=\"widget\" data-widget_type=\"text-editor.default\">\n\t\t\t\t<div class=\"elementor-widget-container\">\n\t\t\t\t\t\t\t\t\t<p>Il existe cependant des domaines dans lesquels des am\u00e9liorations consid\u00e9rables sont n\u00e9cessaires. Alors que les missions existantes restent pertinentes, de nouveaux th\u00e8mes et enjeux apparaissent \u00e0 des intervalles toujours plus courts. Ceux-ci doivent \u00e9galement \u00eatre abord\u00e9s, que ce soit dans des conditions favorables ou dans les conditions financi\u00e8res actuelles difficiles.<\/p>\n<p>Relever les d\u00e9fis mondiaux, dont la complexit\u00e9 ne cesse de s\u2019accro\u00eetre (par exemple la num\u00e9risation, le changement climatique, l\u2019\u00e9nergie, la sant\u00e9, la cybers\u00e9curit\u00e9), n\u00e9cessite des approches interdisciplinaires et transdisciplinaires. Pour ce faire, des simplifications sont n\u00e9cessaires pour rendre les processus efficaces. La collaboration au-del\u00e0 des limites institutionnelles implique des co\u00fbts administratifs et des efforts de coordination. Le Conseil des EPF a en outre constat\u00e9 un manque de flexibilit\u00e9 structurelle. L\u2019int\u00e9gration de nouvelles unit\u00e9s ou d\u00e9partements ax\u00e9s sur un mandat pour de nouveaux domaines d\u2019activit\u00e9 (par exemple la num\u00e9risation) est difficile si ceux-ci ne sont pas d\u00e9j\u00e0 d\u00e9finis dans le portefeuille d\u2019activit\u00e9s actuel dans ou l\u2019\u00e9ventail de t\u00e2ches des instituts de recherche existants. De m\u00eame, il est difficile de coordonner strat\u00e9giquement les portefeuilles d\u2019activit\u00e9s des six institutions afin d\u2019optimiser l\u2019impact global sur la soci\u00e9t\u00e9 (par exemple, la coordination de la recherche et du d\u00e9veloppement dans le domaine de l\u2019\u00e9nergie).<\/p>\n\t\t\t\t\t\t\t\t<\/div>\n\t\t\t\t<\/div>\n\t\t\t\t<div class=\"elementor-element elementor-element-ec8e655 elementor-widget elementor-widget-text-editor\" data-id=\"ec8e655\" data-element_type=\"widget\" data-e-type=\"widget\" data-widget_type=\"text-editor.default\">\n\t\t\t\t<div class=\"elementor-widget-container\">\n\t\t\t\t\t\t\t\t\t<h3>La strat\u00e9gie comme base d\u2019une organisation et d\u2019une structure optimales<\/h3>\n\t\t\t\t\t\t\t\t<\/div>\n\t\t\t\t<\/div>\n\t\t\t\t<div class=\"elementor-element elementor-element-49a63a2 elementor-widget elementor-widget-text-editor\" data-id=\"49a63a2\" data-element_type=\"widget\" data-e-type=\"widget\" data-widget_type=\"text-editor.default\">\n\t\t\t\t<div class=\"elementor-widget-container\">\n\t\t\t\t\t\t\t\t\t<p>Le\u00a0<a href=\"https:\/\/ethrat.ch\/wp-content\/uploads\/2022\/12\/Text_SP25-28_F.pdf\" target=\"_blank\" rel=\"noopener\">Plan strat\u00e9gique 2025\u20132028<\/a>, publi\u00e9 en juin 2022, constitue la base de la discussion sur le d\u00e9veloppement organisationnel et la structure du Domaine des EPF. Le Conseil des EPF y d\u00e9finit les cinq priorit\u00e9s strat\u00e9giques pour rester \u00e0 la pointe de la concurrence internationale et relever les principaux d\u00e9fis plan\u00e9taires. Des mesures ont \u00e9t\u00e9 identifi\u00e9es en fonction des t\u00e2ches principales et des t\u00e2ches-cl\u00e9s transversales du Domaine des EPF afin de continuer \u00e0 fournir des prestations d\u2019excellence dans la formation, la recherche ainsi que le transfert de savoir et de technologie.<\/p>\n\t\t\t\t\t\t\t\t<\/div>\n\t\t\t\t<\/div>\n\t\t\t\t<div class=\"elementor-element elementor-element-0185ba1 elementor-widget elementor-widget-toggle\" data-id=\"0185ba1\" data-element_type=\"widget\" data-e-type=\"widget\" data-widget_type=\"toggle.default\">\n\t\t\t\t<div class=\"elementor-widget-container\">\n\t\t\t\t\t\t\t<div class=\"elementor-toggle\">\n\t\t\t\t\t\t\t<div class=\"elementor-toggle-item\">\n\t\t\t\t\t<div id=\"elementor-tab-title-1591\" class=\"elementor-tab-title\" data-tab=\"1\" role=\"button\" aria-controls=\"elementor-tab-content-1591\" aria-expanded=\"false\">\n\t\t\t\t\t\t\t\t\t\t\t\t<span class=\"elementor-toggle-icon elementor-toggle-icon-right\" aria-hidden=\"true\">\n\t\t\t\t\t\t\t\t\t\t\t\t\t\t\t<span class=\"elementor-toggle-icon-closed\"><i class=\"fas fa-angle-down\"><\/i><\/span>\n\t\t\t\t\t\t\t\t<span class=\"elementor-toggle-icon-opened\"><i class=\"elementor-toggle-icon-opened fas fa-angle-up\"><\/i><\/span>\n\t\t\t\t\t\t\t\t\t\t\t\t\t<\/span>\n\t\t\t\t\t\t\t\t\t\t\t\t<a class=\"elementor-toggle-title\" tabindex=\"0\">Les cinq priorit\u00e9s strat\u00e9giques sont les suivantes<\/a>\n\t\t\t\t\t<\/div>\n\n\t\t\t\t\t<div id=\"elementor-tab-content-1591\" class=\"elementor-tab-content elementor-clearfix\" data-tab=\"1\" role=\"region\" aria-labelledby=\"elementor-tab-title-1591\"><p><strong>Sant\u00e9 humaine<br \/><\/strong>Les institutions du Domaine des EPF \u00e9toffent leur expertise et leurs comp\u00e9tences dans des disciplines telles que l\u2019\u00e9pid\u00e9miologie, la sant\u00e9 personnalis\u00e9e, la biologie mol\u00e9culaire, les neurosciences, les sciences environnementales et agronomiques ainsi que les sciences de l\u2019information.<\/p>\n<p><strong>Energie, climat et durabilit\u00e9 de l\u2019environnement<br \/><\/strong>Le Domaine des EPF veut se consacrer aux d\u00e9fis li\u00e9s \u00e0 la transition \u00e9nerg\u00e9tique, au changement climatique et aux cons\u00e9quences \u00e9cologiques de la consommation des ressources et de l\u2019\u00e9nergie par l\u2019\u00eatre humain. Les institutions du Domaine des EPF veulent concentrer leurs efforts sur trois axes: (i) transition \u00e9nerg\u00e9tique, (ii) z\u00e9ro \u00e9mission nette et (iii) biodiversit\u00e9, changement climatique et durabilit\u00e9 en termes de construction, de mobilit\u00e9 et de gestion du territoire.<\/p>\n<p><strong>Transformation num\u00e9rique responsable<br \/><\/strong>Cette priorit\u00e9 strat\u00e9gique vise \u00e0 replacer les progr\u00e8s technologiques li\u00e9s \u00e0 la num\u00e9risation dans un contexte plus large. L\u2019un de ses volets consiste \u00e0 d\u00e9velopper et d\u00e9ployer des algorithmes de pointe en apprentissage automatique et en intelligence artificielle, essentiellement dans les secteurs de l\u2019\u00e9nergie et des transports, de la construction et des infrastructures, de l\u2019agriculture, de la surveillance environnementale et de la sant\u00e9. Il s\u2019agit par exemple de la science des donn\u00e9es, du g\u00e9nie logiciel, du traitement des images, de l\u2019architecture informatique et de la mise en r\u00e9seau informatique, de l\u2019infographie et de la cryptographie ou encore de la s\u00e9curit\u00e9.<\/p>\n<p><strong>Mat\u00e9riaux de pointe et technologies-cl\u00e9s<br \/><\/strong>Le Domaine des EPF entend guider le d\u00e9veloppement de mat\u00e9riaux avanc\u00e9s et durables. La science des donn\u00e9es, et notamment l\u2019intelligence artificielle et l\u2019apprentissage automatique, ont eux aussi un r\u00f4le d\u00e9terminant \u00e0 jouer dans ce contexte. En effet, ces disciplines renforcent la fabrication num\u00e9rique ainsi que la fabrication avanc\u00e9e (<em>advanced manufacturing<\/em>), et partant, l\u2019industrie helv\u00e9tique. La technologie quantique rec\u00e8le elle aussi un potentiel \u00e9norme et promet de r\u00e9volutionner l\u2019informatique et la technologie des capteurs.<\/p>\n<p><strong>Engagement et dialogue avec la soci\u00e9t\u00e9<br \/><\/strong>Le Domaine des EPF entend encourager un dialogue proactif et ouvert avec la soci\u00e9t\u00e9, l\u2019\u00e9conomie et les responsables politiques. Le dialogue permet de transposer les r\u00e9sultats de la recherche en solutions et en mesures concr\u00e8tes, de promouvoir la science et la recherche et d\u2019encourager les jeunes g\u00e9n\u00e9rations \u00e0 se lancer dans les disciplines MINT.<\/p>\n<p>En outre, la<strong>\u00a0recherche fondamentale<\/strong>\u00a0constitue une pierre angulaire de toutes les institutions du Domaine des EPF et un \u00e9l\u00e9ment essentiel qui englobe toutes les priorit\u00e9s strat\u00e9giques.<\/p>\n<\/div>\n\t\t\t\t<\/div>\n\t\t\t\t\t\t\t\t\t\t<script type=\"application\/ld+json\">{\"@context\":\"https:\\\/\\\/schema.org\",\"@type\":\"FAQPage\",\"mainEntity\":[{\"@type\":\"Question\",\"name\":\"Les cinq priorit\\u00e9s strat\\u00e9giques sont les suivantes\",\"acceptedAnswer\":{\"@type\":\"Answer\",\"text\":\"<p><strong>Sant\\u00e9 humaine<br \\\/><\\\/strong>Les institutions du Domaine des EPF \\u00e9toffent leur expertise et leurs comp\\u00e9tences dans des disciplines telles que l\\u2019\\u00e9pid\\u00e9miologie, la sant\\u00e9 personnalis\\u00e9e, la biologie mol\\u00e9culaire, les neurosciences, les sciences environnementales et agronomiques ainsi que les sciences de l\\u2019information.<\\\/p>\\n<p><strong>Energie, climat et durabilit\\u00e9 de l\\u2019environnement<br \\\/><\\\/strong>Le Domaine des EPF veut se consacrer aux d\\u00e9fis li\\u00e9s \\u00e0 la transition \\u00e9nerg\\u00e9tique, au changement climatique et aux cons\\u00e9quences \\u00e9cologiques de la consommation des ressources et de l\\u2019\\u00e9nergie par l\\u2019\\u00eatre humain. Les institutions du Domaine des EPF veulent concentrer leurs efforts sur trois axes: (i) transition \\u00e9nerg\\u00e9tique, (ii) z\\u00e9ro \\u00e9mission nette et (iii) biodiversit\\u00e9, changement climatique et durabilit\\u00e9 en termes de construction, de mobilit\\u00e9 et de gestion du territoire.<\\\/p>\\n<p><strong>Transformation num\\u00e9rique responsable<br \\\/><\\\/strong>Cette priorit\\u00e9 strat\\u00e9gique vise \\u00e0 replacer les progr\\u00e8s technologiques li\\u00e9s \\u00e0 la num\\u00e9risation dans un contexte plus large. L\\u2019un de ses volets consiste \\u00e0 d\\u00e9velopper et d\\u00e9ployer des algorithmes de pointe en apprentissage automatique et en intelligence artificielle, essentiellement dans les secteurs de l\\u2019\\u00e9nergie et des transports, de la construction et des infrastructures, de l\\u2019agriculture, de la surveillance environnementale et de la sant\\u00e9. Il s\\u2019agit par exemple de la science des donn\\u00e9es, du g\\u00e9nie logiciel, du traitement des images, de l\\u2019architecture informatique et de la mise en r\\u00e9seau informatique, de l\\u2019infographie et de la cryptographie ou encore de la s\\u00e9curit\\u00e9.<\\\/p>\\n<p><strong>Mat\\u00e9riaux de pointe et technologies-cl\\u00e9s<br \\\/><\\\/strong>Le Domaine des EPF entend guider le d\\u00e9veloppement de mat\\u00e9riaux avanc\\u00e9s et durables. La science des donn\\u00e9es, et notamment l\\u2019intelligence artificielle et l\\u2019apprentissage automatique, ont eux aussi un r\\u00f4le d\\u00e9terminant \\u00e0 jouer dans ce contexte. En effet, ces disciplines renforcent la fabrication num\\u00e9rique ainsi que la fabrication avanc\\u00e9e (<em>advanced manufacturing<\\\/em>), et partant, l\\u2019industrie helv\\u00e9tique. La technologie quantique rec\\u00e8le elle aussi un potentiel \\u00e9norme et promet de r\\u00e9volutionner l\\u2019informatique et la technologie des capteurs.<\\\/p>\\n<p><strong>Engagement et dialogue avec la soci\\u00e9t\\u00e9<br \\\/><\\\/strong>Le Domaine des EPF entend encourager un dialogue proactif et ouvert avec la soci\\u00e9t\\u00e9, l\\u2019\\u00e9conomie et les responsables politiques. Le dialogue permet de transposer les r\\u00e9sultats de la recherche en solutions et en mesures concr\\u00e8tes, de promouvoir la science et la recherche et d\\u2019encourager les jeunes g\\u00e9n\\u00e9rations \\u00e0 se lancer dans les disciplines MINT.<\\\/p>\\n<p>En outre, la<strong>\\u00a0recherche fondamentale<\\\/strong>\\u00a0constitue une pierre angulaire de toutes les institutions du Domaine des EPF et un \\u00e9l\\u00e9ment essentiel qui englobe toutes les priorit\\u00e9s strat\\u00e9giques.<\\\/p>\\n\"}}]}<\/script>\n\t\t\t\t\t<\/div>\n\t\t\t\t\t\t<\/div>\n\t\t\t\t<\/div>\n\t\t\t\t<div class=\"elementor-element elementor-element-4c58890 elementor-widget elementor-widget-text-editor\" data-id=\"4c58890\" data-element_type=\"widget\" data-e-type=\"widget\" data-widget_type=\"text-editor.default\">\n\t\t\t\t<div class=\"elementor-widget-container\">\n\t\t\t\t\t\t\t\t\t<p>Le coup d\u2019envoi du projet de r\u00e9examen de la structure du Domaine des EPF a \u00e9t\u00e9 donn\u00e9 \u00e0 l\u2019issue des discussions sur la strat\u00e9gie du Domaine des EPF. Le Conseil des EPF a lanc\u00e9 le projet \u00abStructure et organisation optimales du Domaine des EPF\u00bb lors de sa s\u00e9ance de r\u00e9flexion de juillet 2022 et constitu\u00e9 un groupe de projet compos\u00e9 de la directrice et des directeurs de \u00e9tablissements de recherche, des pr\u00e9sidents des deux EPF ainsi que de repr\u00e9sentantes et repr\u00e9sentants du Conseil des EPF. La premi\u00e8re \u00e9tape a consist\u00e9 \u00e0 dresser un \u00e9tat des lieux et \u00e0 proc\u00e9der \u00e0 une analyse de la situation actuelle.<\/p>\n\t\t\t\t\t\t\t\t<\/div>\n\t\t\t\t<\/div>\n\t\t\t\t<div class=\"elementor-element elementor-element-4876dfe elementor-widget elementor-widget-text-editor\" data-id=\"4876dfe\" data-element_type=\"widget\" data-e-type=\"widget\" data-widget_type=\"text-editor.default\">\n\t\t\t\t<div class=\"elementor-widget-container\">\n\t\t\t\t\t\t\t\t\t<h3>Servir au mieux la Suisse, aujourd\u2019hui et \u00e0 l\u2019avenir<\/h3>\n\t\t\t\t\t\t\t\t<\/div>\n\t\t\t\t<\/div>\n\t\t\t\t<div class=\"elementor-element elementor-element-235fae6 elementor-widget elementor-widget-text-editor\" data-id=\"235fae6\" data-element_type=\"widget\" data-e-type=\"widget\" data-widget_type=\"text-editor.default\">\n\t\t\t\t<div class=\"elementor-widget-container\">\n\t\t\t\t\t\t\t\t\t<p>La structure actuelle du Domaine des EPF a \u00e9volu\u00e9 au fil du temps et connu des adaptations successives pour r\u00e9pondre aux exigences et aux besoins changeants. Initialement, les quatre \u00e9tablissements de recherche faisaient partie de l\u2019ETH Zurich.<\/p>\n<p>Le PSI a vu le jour en 1988, lorsque l\u2019Institut f\u00e9d\u00e9ral de recherches en mati\u00e8re de r\u00e9acteurs a \u00e9t\u00e9 regroup\u00e9 avec l\u2019Institut suisse de recherches nucl\u00e9aires. L\u2019Institut f\u00e9d\u00e9ral de recherches foresti\u00e8res (IFRF) et l\u2019Institut pour l\u2019\u00e9tude de la neige et des avalanches (SLF) ont quant \u00e0 eux fusionn\u00e9 en 1989 pour former le WSL. Les deux EPF ainsi que les \u00e9tablissements de recherche ont ensuite \u00e9t\u00e9 dot\u00e9s de leur propre personnalit\u00e9 juridique en 1992 avec l\u2019introduction de la Loi sur les EPF. Depuis, ils sont des \u00e9tablissements autonomes de droit public.<\/p>\n<p>Dans ses\u00a0<a href=\"https:\/\/www.fedlex.admin.ch\/eli\/fga\/2021\/1038\/fr\" target=\"_blank\" rel=\"noopener\">Objectifs strat\u00e9giques 2021\u20132024<\/a>\u00a0pour le Domaine des EPF, le Conseil f\u00e9d\u00e9ral charge le Domaine des EPF de r\u00e9pondre \u00e0 cette question et d\u2019\u00e9valuer sa structure sous l\u2019angle de l\u2019intensification de la concurrence internationale ainsi que des d\u00e9fis scientifiques et soci\u00e9taux. Ce mandat de r\u00e9examen se fonde \u00e9galement sur les recommandations des expertes et experts internationaux qui ont proc\u00e9d\u00e9 \u00e0 l\u2019<a href=\"https:\/\/ethrat.ch\/fr\/news-rapports\/evaluation-intermediaire-du-domaine-des-epf\/\" target=\"_blank\" rel=\"noopener\">\u00e9valuation interm\u00e9diaire du Domaine des EPF en 2019 et en 2023<\/a>. Le comit\u00e9 d\u2019experts a propos\u00e9 de d\u00e9velopper la structure du Domaine des EPF pour lui permettre de s\u2019adapter aux exigences de demain.<\/p>\n\t\t\t\t\t\t\t\t<\/div>\n\t\t\t\t<\/div>\n\t\t\t\t<div class=\"elementor-element elementor-element-2f93bf8 elementor-widget elementor-widget-toggle\" data-id=\"2f93bf8\" data-element_type=\"widget\" data-e-type=\"widget\" data-widget_type=\"toggle.default\">\n\t\t\t\t<div class=\"elementor-widget-container\">\n\t\t\t\t\t\t\t<div class=\"elementor-toggle\">\n\t\t\t\t\t\t\t<div class=\"elementor-toggle-item\">\n\t\t\t\t\t<div id=\"elementor-tab-title-4981\" class=\"elementor-tab-title\" data-tab=\"1\" role=\"button\" aria-controls=\"elementor-tab-content-4981\" aria-expanded=\"false\">\n\t\t\t\t\t\t\t\t\t\t\t\t<span class=\"elementor-toggle-icon elementor-toggle-icon-right\" aria-hidden=\"true\">\n\t\t\t\t\t\t\t\t\t\t\t\t\t\t\t<span class=\"elementor-toggle-icon-closed\"><i class=\"fas fa-angle-down\"><\/i><\/span>\n\t\t\t\t\t\t\t\t<span class=\"elementor-toggle-icon-opened\"><i class=\"elementor-toggle-icon-opened fas fa-angle-up\"><\/i><\/span>\n\t\t\t\t\t\t\t\t\t\t\t\t\t<\/span>\n\t\t\t\t\t\t\t\t\t\t\t\t<a class=\"elementor-toggle-title\" tabindex=\"0\">Recommandation sur la structure du Domaine des EPF 2019<\/a>\n\t\t\t\t\t<\/div>\n\n\t\t\t\t\t<div id=\"elementor-tab-content-4981\" class=\"elementor-tab-content elementor-clearfix\" data-tab=\"1\" role=\"region\" aria-labelledby=\"elementor-tab-title-4981\"><p style=\"border: 1px solid black; padding: 10px;\"><strong>Recommandation 10: Structure du Domaine des EPF<br \/><\/strong><br \/><strong>\u00abLes efforts d\u00e9ploy\u00e9s \u00e0 l\u2019initiative du Conseil des EPF pour repenser la structure du Domaine des EPF, qui compte actuellement deux grandes \u00e9coles polytechniques et quatre \u00e9tablissements de recherche de tailles diff\u00e9rentes, sont soutenus pleinement. L\u2019objectif devrait consister \u00e0 permettre au Domaine des EPF d\u2019\u00e9voluer avec souplesse et agilit\u00e9 et aussi de progresser pour r\u00e9pondre aux besoins de demain.\u00bb<\/strong><\/p>\n<p>\u00abLe comit\u00e9 d\u2019experts a \u00e9t\u00e9 inform\u00e9 des r\u00e9flexions structurelles men\u00e9es actuellement par le Conseil des EPF et encourage les efforts d\u00e9ploy\u00e9s en ce sens. La r\u00e9partition actuelle en quatre \u00e9tablissements de recherche semble essentiellement historique. Les experts proposent donc que le Conseil des EPF d\u00e9veloppe une vision et une strat\u00e9gie \u00e0 long terme pour \u00e9tablir quels types d\u2019\u00e9tablissements de recherche pourraient devenir n\u00e9cessaires \u00e0 l\u2019avenir. Le Conseil des EPF devrait aussi se demander comment \u00e9viter les redondances entre les futurs \u00e9tablissements de recherche tels qu\u2019ils r\u00e9sulteront de ce travail de r\u00e9flexion et comment leur permettre de mieux interagir avec les autres institutions du Domaine des EPF.\u00bb<\/p>\n<p>(Source:\u00a0<a href=\"https:\/\/ethrat.ch\/wp-content\/uploads\/2021\/09\/bericht_expertenkommission-2019_f_0.pdf#page=15\" target=\"_blank\" rel=\"noopener\">Evaluation interm\u00e9diaire 2019 du Domaine des EPF, p. 15<\/a>)<\/p>\n<\/div>\n\t\t\t\t<\/div>\n\t\t\t\t\t\t\t<div class=\"elementor-toggle-item\">\n\t\t\t\t\t<div id=\"elementor-tab-title-4982\" class=\"elementor-tab-title\" data-tab=\"2\" role=\"button\" aria-controls=\"elementor-tab-content-4982\" aria-expanded=\"false\">\n\t\t\t\t\t\t\t\t\t\t\t\t<span class=\"elementor-toggle-icon elementor-toggle-icon-right\" aria-hidden=\"true\">\n\t\t\t\t\t\t\t\t\t\t\t\t\t\t\t<span class=\"elementor-toggle-icon-closed\"><i class=\"fas fa-angle-down\"><\/i><\/span>\n\t\t\t\t\t\t\t\t<span class=\"elementor-toggle-icon-opened\"><i class=\"elementor-toggle-icon-opened fas fa-angle-up\"><\/i><\/span>\n\t\t\t\t\t\t\t\t\t\t\t\t\t<\/span>\n\t\t\t\t\t\t\t\t\t\t\t\t<a class=\"elementor-toggle-title\" tabindex=\"0\">Recommandation sur la structure du Domaine des EPF 2023<\/a>\n\t\t\t\t\t<\/div>\n\n\t\t\t\t\t<div id=\"elementor-tab-content-4982\" class=\"elementor-tab-content elementor-clearfix\" data-tab=\"2\" role=\"region\" aria-labelledby=\"elementor-tab-title-4982\"><p><strong>Constats<\/strong><\/p>\n<p>Le Domaine des EPF est constitu\u00e9 de six institutions de tailles diff\u00e9rentes: les deux \u00e9coles polytechniques f\u00e9d\u00e9rales ont un tr\u00e8s large champ d\u2019activit\u00e9 et assument de nombreuses responsabilit\u00e9s en mati\u00e8re de formation, tandis que chacun des quatre \u00e9tablissements de recherche se concentre sur des th\u00e8mes scientifiques qui lui sont propres et a une mission diff\u00e9rente, \u00e0 savoir r\u00e9aliser des projets de recherche appliqu\u00e9e, exploiter des infrastructures de recherche d\u2019importance nationale et proposer des services de grande qualit\u00e9 \u00e0 la communaut\u00e9 des chercheurs, aux entreprises priv\u00e9es ainsi qu\u2019aux autorit\u00e9s politiques.<\/p>\n<p>Gr\u00e2ce \u00e0 leur expertise tr\u00e8s sp\u00e9cifique et \u00e0 leur concentration sur les sciences appliqu\u00e9es, les \u00e9tablissements de recherche jouent un r\u00f4le de premier plan dans l\u2019\u00e9tablissement et le maintien de relations avec la soci\u00e9t\u00e9 en g\u00e9n\u00e9ral, et notamment avec les administrations f\u00e9d\u00e9rales et cantonales ainsi qu\u2019avec les start-up, les PME et les grandes entreprises priv\u00e9es. Cependant, leurs secteurs d\u2019expertise ne sont que partiellement en phase avec les d\u00e9fis actuels auxquels la Suisse doit faire face. Les sp\u00e9cialisations des \u00e9tablissements de recherche ont \u00e9t\u00e9 d\u00e9cid\u00e9es dans les ann\u00e9es 1960 et, bien que ces sujets soient toujours d\u2019actualit\u00e9, de nombreux autres d\u00e9fis sont venus s\u2019y ajouter (climat, \u00e9nergie, alimentation, intelligence artificielle, pour n\u2019en citer que quelques-uns).<\/p>\n<p>La commission d\u2019experts estime que la capacit\u00e9 du Domaine des EPF \u00e0 r\u00e9agir rapidement aux d\u00e9fis urgents que la Suisse doit relever est entrav\u00e9e par son organisation actuelle. Ce constat ne remet absolument pas en question la qualit\u00e9 des activit\u00e9s men\u00e9es par les quatre \u00e9tablissements de recherche ni leur contribution \u00e0 la r\u00e9ussite du pays. Ceux-ci mettent r\u00e9guli\u00e8rement en place des collaborations avec d\u2019autres institutions acad\u00e9miques et avec de nombreux partenaires industriels ; ces relations doivent \u00eatre pr\u00e9serv\u00e9es, voire intensifi\u00e9es encore davantage \u00e0 l\u2019avenir.<\/p>\n<p>Comme cela avait d\u00e9j\u00e0 \u00e9t\u00e9 relev\u00e9 lors de l\u2019\u00e9valuation interm\u00e9diaire de 2019, il est essentiel \u2013 et encore plus urgent aujourd\u2019hui \u2013 que le Conseil des EPF propose des modifications de l\u2019organisation du Domaine des EPF, en particulier au niveau des \u00e9tablissements de recherche, mais pas uniquement. Apr\u00e8s avoir examin\u00e9 l\u2019organisation actuelle, les experts recommandent d\u2019adopter une approche incluant toutes les institutions du Domaine des EPF, puisque les deux EPF b\u00e9n\u00e9ficieront elles aussi d\u2019une r\u00e9vision de leur portefeuille d\u2019activit\u00e9s.<\/p>\n<p>Ils ont \u00e9t\u00e9 satisfaits d\u2019apprendre qu\u2019un processus a d\u00e9j\u00e0 \u00e9t\u00e9 lanc\u00e9 par le pr\u00e9sident du Conseil des EPF conjointement avec les responsables des six institutions du Domaine des EPF. \u00c9tant donn\u00e9 la qualit\u00e9 de ce leadership et la volont\u00e9 de collaborer que ces personnes manifestent, la commission d\u2019experts consid\u00e8re qu\u2019il y a l\u00e0 une occasion unique de mener \u00e0 bien ce processus.<\/p>\n<p>Cette t\u00e2che sera complexe, car on ne peut pas cr\u00e9er un nouvel \u00e9tablissement de recherche pour chaque d\u00e9fi scientifique n\u00e9cessitant une attention accrue. Au lieu de cela, il faudra imp\u00e9rativement identifier les comp\u00e9tences sp\u00e9cifiques \u00e0 chaque institution et encourager les collaborations. La structure du Domaine des EPF doit rester suffisamment simple pour garantir une gouvernance optimale et une collaboration efficace entre ses chercheurs. Pour d\u00e9finir la structure organisationnelle optimale, il conviendra de d\u00e9velopper une approche fond\u00e9e sur un portefeuille d\u2019activit\u00e9s incluant toutes les institutions et de mettre dans un premier temps l\u2019accent sur les missions transversales, puis dans un second temps seulement sur la structure en elle-m\u00eame.<\/p>\n<p>Bien que le mandat de la commission d\u2019experts ne pr\u00e9voie pas la formulation de propositions concr\u00e8tes sur la future structure du Domaine des EPF, les experts sont convaincus qu\u2019un changement sera b\u00e9n\u00e9fique \u00e0 l\u2019avenir du Domaine des EPF et ont donc d\u00e9fini des conditions-cadres pour accompagner ce processus de changement.<\/p>\n<p><strong>Recommandation 8 : R\u00e9former la structure interne du Domaine des EPF<\/strong><\/p>\n<ul>\n<li>Afin de r\u00e9pondre rapidement aux nouveaux enjeux, saisir l\u2019occasion unique de r\u00e9former la structure du Domaine des EPF. Le processus initi\u00e9 par le Conseil des EPF doit aboutir \u00e0 un v\u00e9ritable changement par rapport \u00e0 la situation actuelle. Une d\u00e9cision devrait \u00eatre prise avant la prochaine \u00e9valuation interm\u00e9diaire.<\/li>\n<\/ul>\n<ul>\n<li>Dans la d\u00e9finition et la mise en \u0153uvre de cette r\u00e9organisation, prendre en compte les conditions-cadres suivantes :\n<ul>\n<li>Reposer en premier lieu sur des objectifs clairs apportant une valeur ajout\u00e9e \u00e0 l\u2019ensemble du Domaine des EPF et \u00e0 la Suisse, \u00eatre guid\u00e9e par des missions transversales et les d\u00e9fis de demain en mati\u00e8re de recherche et, en second lieu, se focaliser sur la transformation structurelle.<\/li>\n<li>Inclure non seulement les quatre \u00e9tablissements de recherche mais aussi les deux \u00e9coles polytechniques f\u00e9d\u00e9rales afin d\u2019\u00e9viter la cr\u00e9ation d\u2019entit\u00e9s susceptibles d\u2019entra\u00eener des redondances.<\/li>\n<li>G\u00e9n\u00e9rer des entit\u00e9s suffisamment grandes, de mani\u00e8re \u00e0 ce que l\u2019ensemble du Domaine des EPF reste agile et capable de s\u2019adapter aux besoins futurs.<\/li>\n<li>\u00catre con\u00e7ue de fa\u00e7on \u00e0 fournir un service de haut niveau aux interlocuteurs des \u00e9tablissements de recherche.<\/li>\n<li>Aboutir \u00e0 une structure qui facilite plus de collaboration avec les acteurs au sein et en dehors du Domaine des EPF<\/li>\n<li>Minimiser la bureaucratie et les frais indirects (<em>overhead<\/em>) inutiles<\/li>\n<\/ul>\n<\/li>\n<\/ul>\n<p>&nbsp;<\/p>\n<p>(Source:\u00a0<a href=\"https:\/\/ethrat.ch\/wp-content\/uploads\/2023\/10\/IE23-Expert-Report-FR.pdf#page=24\" target=\"_blank\" rel=\"noopener\">Evaluation interm\u00e9diaire 2023 du Domaine des EPF, p. 23-24<\/a>)<\/p>\n<\/div>\n\t\t\t\t<\/div>\n\t\t\t\t\t\t\t\t\t\t<script type=\"application\/ld+json\">{\"@context\":\"https:\\\/\\\/schema.org\",\"@type\":\"FAQPage\",\"mainEntity\":[{\"@type\":\"Question\",\"name\":\"Recommandation sur la structure du Domaine des EPF 2019\",\"acceptedAnswer\":{\"@type\":\"Answer\",\"text\":\"<p style=\\\"border: 1px solid black; padding: 10px;\\\"><strong>Recommandation 10: Structure du Domaine des EPF<br \\\/><\\\/strong><br \\\/><strong>\\u00abLes efforts d\\u00e9ploy\\u00e9s \\u00e0 l\\u2019initiative du Conseil des EPF pour repenser la structure du Domaine des EPF, qui compte actuellement deux grandes \\u00e9coles polytechniques et quatre \\u00e9tablissements de recherche de tailles diff\\u00e9rentes, sont soutenus pleinement. L\\u2019objectif devrait consister \\u00e0 permettre au Domaine des EPF d\\u2019\\u00e9voluer avec souplesse et agilit\\u00e9 et aussi de progresser pour r\\u00e9pondre aux besoins de demain.\\u00bb<\\\/strong><\\\/p>\\n<p>\\u00abLe comit\\u00e9 d\\u2019experts a \\u00e9t\\u00e9 inform\\u00e9 des r\\u00e9flexions structurelles men\\u00e9es actuellement par le Conseil des EPF et encourage les efforts d\\u00e9ploy\\u00e9s en ce sens. La r\\u00e9partition actuelle en quatre \\u00e9tablissements de recherche semble essentiellement historique. Les experts proposent donc que le Conseil des EPF d\\u00e9veloppe une vision et une strat\\u00e9gie \\u00e0 long terme pour \\u00e9tablir quels types d\\u2019\\u00e9tablissements de recherche pourraient devenir n\\u00e9cessaires \\u00e0 l\\u2019avenir. Le Conseil des EPF devrait aussi se demander comment \\u00e9viter les redondances entre les futurs \\u00e9tablissements de recherche tels qu\\u2019ils r\\u00e9sulteront de ce travail de r\\u00e9flexion et comment leur permettre de mieux interagir avec les autres institutions du Domaine des EPF.\\u00bb<\\\/p>\\n<p>(Source:\\u00a0<a href=\\\"https:\\\/\\\/ethrat.ch\\\/wp-content\\\/uploads\\\/2021\\\/09\\\/bericht_expertenkommission-2019_f_0.pdf#page=15\\\" target=\\\"_blank\\\" rel=\\\"noopener\\\">Evaluation interm\\u00e9diaire 2019 du Domaine des EPF, p. 15<\\\/a>)<\\\/p>\\n\"}},{\"@type\":\"Question\",\"name\":\"Recommandation sur la structure du Domaine des EPF 2023\",\"acceptedAnswer\":{\"@type\":\"Answer\",\"text\":\"<p><strong>Constats<\\\/strong><\\\/p>\\n<p>Le Domaine des EPF est constitu\\u00e9 de six institutions de tailles diff\\u00e9rentes: les deux \\u00e9coles polytechniques f\\u00e9d\\u00e9rales ont un tr\\u00e8s large champ d\\u2019activit\\u00e9 et assument de nombreuses responsabilit\\u00e9s en mati\\u00e8re de formation, tandis que chacun des quatre \\u00e9tablissements de recherche se concentre sur des th\\u00e8mes scientifiques qui lui sont propres et a une mission diff\\u00e9rente, \\u00e0 savoir r\\u00e9aliser des projets de recherche appliqu\\u00e9e, exploiter des infrastructures de recherche d\\u2019importance nationale et proposer des services de grande qualit\\u00e9 \\u00e0 la communaut\\u00e9 des chercheurs, aux entreprises priv\\u00e9es ainsi qu\\u2019aux autorit\\u00e9s politiques.<\\\/p>\\n<p>Gr\\u00e2ce \\u00e0 leur expertise tr\\u00e8s sp\\u00e9cifique et \\u00e0 leur concentration sur les sciences appliqu\\u00e9es, les \\u00e9tablissements de recherche jouent un r\\u00f4le de premier plan dans l\\u2019\\u00e9tablissement et le maintien de relations avec la soci\\u00e9t\\u00e9 en g\\u00e9n\\u00e9ral, et notamment avec les administrations f\\u00e9d\\u00e9rales et cantonales ainsi qu\\u2019avec les start-up, les PME et les grandes entreprises priv\\u00e9es. Cependant, leurs secteurs d\\u2019expertise ne sont que partiellement en phase avec les d\\u00e9fis actuels auxquels la Suisse doit faire face. Les sp\\u00e9cialisations des \\u00e9tablissements de recherche ont \\u00e9t\\u00e9 d\\u00e9cid\\u00e9es dans les ann\\u00e9es 1960 et, bien que ces sujets soient toujours d\\u2019actualit\\u00e9, de nombreux autres d\\u00e9fis sont venus s\\u2019y ajouter (climat, \\u00e9nergie, alimentation, intelligence artificielle, pour n\\u2019en citer que quelques-uns).<\\\/p>\\n<p>La commission d\\u2019experts estime que la capacit\\u00e9 du Domaine des EPF \\u00e0 r\\u00e9agir rapidement aux d\\u00e9fis urgents que la Suisse doit relever est entrav\\u00e9e par son organisation actuelle. Ce constat ne remet absolument pas en question la qualit\\u00e9 des activit\\u00e9s men\\u00e9es par les quatre \\u00e9tablissements de recherche ni leur contribution \\u00e0 la r\\u00e9ussite du pays. Ceux-ci mettent r\\u00e9guli\\u00e8rement en place des collaborations avec d\\u2019autres institutions acad\\u00e9miques et avec de nombreux partenaires industriels ; ces relations doivent \\u00eatre pr\\u00e9serv\\u00e9es, voire intensifi\\u00e9es encore davantage \\u00e0 l\\u2019avenir.<\\\/p>\\n<p>Comme cela avait d\\u00e9j\\u00e0 \\u00e9t\\u00e9 relev\\u00e9 lors de l\\u2019\\u00e9valuation interm\\u00e9diaire de 2019, il est essentiel \\u2013 et encore plus urgent aujourd\\u2019hui \\u2013 que le Conseil des EPF propose des modifications de l\\u2019organisation du Domaine des EPF, en particulier au niveau des \\u00e9tablissements de recherche, mais pas uniquement. Apr\\u00e8s avoir examin\\u00e9 l\\u2019organisation actuelle, les experts recommandent d\\u2019adopter une approche incluant toutes les institutions du Domaine des EPF, puisque les deux EPF b\\u00e9n\\u00e9ficieront elles aussi d\\u2019une r\\u00e9vision de leur portefeuille d\\u2019activit\\u00e9s.<\\\/p>\\n<p>Ils ont \\u00e9t\\u00e9 satisfaits d\\u2019apprendre qu\\u2019un processus a d\\u00e9j\\u00e0 \\u00e9t\\u00e9 lanc\\u00e9 par le pr\\u00e9sident du Conseil des EPF conjointement avec les responsables des six institutions du Domaine des EPF. \\u00c9tant donn\\u00e9 la qualit\\u00e9 de ce leadership et la volont\\u00e9 de collaborer que ces personnes manifestent, la commission d\\u2019experts consid\\u00e8re qu\\u2019il y a l\\u00e0 une occasion unique de mener \\u00e0 bien ce processus.<\\\/p>\\n<p>Cette t\\u00e2che sera complexe, car on ne peut pas cr\\u00e9er un nouvel \\u00e9tablissement de recherche pour chaque d\\u00e9fi scientifique n\\u00e9cessitant une attention accrue. Au lieu de cela, il faudra imp\\u00e9rativement identifier les comp\\u00e9tences sp\\u00e9cifiques \\u00e0 chaque institution et encourager les collaborations. La structure du Domaine des EPF doit rester suffisamment simple pour garantir une gouvernance optimale et une collaboration efficace entre ses chercheurs. Pour d\\u00e9finir la structure organisationnelle optimale, il conviendra de d\\u00e9velopper une approche fond\\u00e9e sur un portefeuille d\\u2019activit\\u00e9s incluant toutes les institutions et de mettre dans un premier temps l\\u2019accent sur les missions transversales, puis dans un second temps seulement sur la structure en elle-m\\u00eame.<\\\/p>\\n<p>Bien que le mandat de la commission d\\u2019experts ne pr\\u00e9voie pas la formulation de propositions concr\\u00e8tes sur la future structure du Domaine des EPF, les experts sont convaincus qu\\u2019un changement sera b\\u00e9n\\u00e9fique \\u00e0 l\\u2019avenir du Domaine des EPF et ont donc d\\u00e9fini des conditions-cadres pour accompagner ce processus de changement.<\\\/p>\\n<p><strong>Recommandation 8 : R\\u00e9former la structure interne du Domaine des EPF<\\\/strong><\\\/p>\\n<ul>\\n<li>Afin de r\\u00e9pondre rapidement aux nouveaux enjeux, saisir l\\u2019occasion unique de r\\u00e9former la structure du Domaine des EPF. Le processus initi\\u00e9 par le Conseil des EPF doit aboutir \\u00e0 un v\\u00e9ritable changement par rapport \\u00e0 la situation actuelle. Une d\\u00e9cision devrait \\u00eatre prise avant la prochaine \\u00e9valuation interm\\u00e9diaire.<\\\/li>\\n<\\\/ul>\\n<ul>\\n<li>Dans la d\\u00e9finition et la mise en \\u0153uvre de cette r\\u00e9organisation, prendre en compte les conditions-cadres suivantes :\\n<ul>\\n<li>Reposer en premier lieu sur des objectifs clairs apportant une valeur ajout\\u00e9e \\u00e0 l\\u2019ensemble du Domaine des EPF et \\u00e0 la Suisse, \\u00eatre guid\\u00e9e par des missions transversales et les d\\u00e9fis de demain en mati\\u00e8re de recherche et, en second lieu, se focaliser sur la transformation structurelle.<\\\/li>\\n<li>Inclure non seulement les quatre \\u00e9tablissements de recherche mais aussi les deux \\u00e9coles polytechniques f\\u00e9d\\u00e9rales afin d\\u2019\\u00e9viter la cr\\u00e9ation d\\u2019entit\\u00e9s susceptibles d\\u2019entra\\u00eener des redondances.<\\\/li>\\n<li>G\\u00e9n\\u00e9rer des entit\\u00e9s suffisamment grandes, de mani\\u00e8re \\u00e0 ce que l\\u2019ensemble du Domaine des EPF reste agile et capable de s\\u2019adapter aux besoins futurs.<\\\/li>\\n<li>\\u00catre con\\u00e7ue de fa\\u00e7on \\u00e0 fournir un service de haut niveau aux interlocuteurs des \\u00e9tablissements de recherche.<\\\/li>\\n<li>Aboutir \\u00e0 une structure qui facilite plus de collaboration avec les acteurs au sein et en dehors du Domaine des EPF<\\\/li>\\n<li>Minimiser la bureaucratie et les frais indirects (<em>overhead<\\\/em>) inutiles<\\\/li>\\n<\\\/ul>\\n<\\\/li>\\n<\\\/ul>\\n<p>&nbsp;<\\\/p>\\n<p>(Source:\\u00a0<a href=\\\"https:\\\/\\\/ethrat.ch\\\/wp-content\\\/uploads\\\/2023\\\/10\\\/IE23-Expert-Report-FR.pdf#page=24\\\" target=\\\"_blank\\\" rel=\\\"noopener\\\">Evaluation interm\\u00e9diaire 2023 du Domaine des EPF, p. 23-24<\\\/a>)<\\\/p>\\n\"}}]}<\/script>\n\t\t\t\t\t<\/div>\n\t\t\t\t\t\t<\/div>\n\t\t\t\t<\/div>\n\t\t\t\t<section class=\"elementor-section elementor-inner-section elementor-element elementor-element-8b975b4 elementor-section-full_width elementor-section-height-default elementor-section-height-default\" data-id=\"8b975b4\" data-element_type=\"section\" data-e-type=\"section\">\n\t\t\t\t\t\t<div class=\"elementor-container elementor-column-gap-default\">\n\t\t\t\t\t<div class=\"elementor-column elementor-col-100 elementor-inner-column elementor-element elementor-element-3000e7f\" data-id=\"3000e7f\" data-element_type=\"column\" data-e-type=\"column\" data-settings=\"{&quot;background_background&quot;:&quot;classic&quot;}\">\n\t\t\t<div class=\"elementor-widget-wrap elementor-element-populated\">\n\t\t\t\t\t\t<div class=\"elementor-element elementor-element-081b7ac elementor-widget__width-initial elementor-widget elementor-widget-text-editor\" data-id=\"081b7ac\" data-element_type=\"widget\" data-e-type=\"widget\" data-widget_type=\"text-editor.default\">\n\t\t\t\t<div class=\"elementor-widget-container\">\n\t\t\t\t\t\t\t\t\t<h4>Contact<\/h4>\n<p><a href=\"https:\/\/ethrat.ch\/fr\/eth-people\/gian-andri-casutt\/\" target=\"_blank\" rel=\"noopener\">Gian-Andri Casutt<\/a>, responsable de la communication, se tient \u00e0 votre disposition pour toute information compl\u00e9mentaire.<\/p>\n<ul>\n<li>E-Mail:\u00a0<a href=\"mailto:gian.casutt@ethrat.ch\">gian.casutt@ethrat.ch<\/a><\/li>\n<li>T\u00e9l.: +41 58 856 86 06<\/li>\n<\/ul>\n\t\t\t\t\t\t\t\t<\/div>\n\t\t\t\t<\/div>\n\t\t\t\t\t<\/div>\n\t\t<\/div>\n\t\t\t\t\t<\/div>\n\t\t<\/section>\n\t\t\t\t\t<\/div>\n\t\t<\/div>\n\t\t\t\t\t<\/div>\n\t\t<\/section>\n\t\t\t\t<section class=\"elementor-section elementor-top-section elementor-element elementor-element-69e44fa8 elementor-hidden-desktop elementor-hidden-tablet hide-print elementor-section-boxed elementor-section-height-default elementor-section-height-default\" data-id=\"69e44fa8\" data-element_type=\"section\" data-e-type=\"section\">\n\t\t\t\t\t\t<div class=\"elementor-container elementor-column-gap-default\">\n\t\t\t\t\t<div class=\"elementor-column elementor-col-33 elementor-top-column elementor-element elementor-element-5e52e675 elementor-hidden-tablet elementor-hidden-mobile\" data-id=\"5e52e675\" data-element_type=\"column\" data-e-type=\"column\">\n\t\t\t<div class=\"elementor-widget-wrap elementor-element-populated\">\n\t\t\t\t\t\t<section class=\"elementor-section elementor-inner-section elementor-element elementor-element-552e1907 elementor-section-boxed elementor-section-height-default elementor-section-height-default\" data-id=\"552e1907\" data-element_type=\"section\" data-e-type=\"section\" data-settings=\"{&quot;sticky&quot;:&quot;top&quot;,&quot;sticky_offset&quot;:2,&quot;sticky_effects_offset&quot;:40,&quot;sticky_on&quot;:[&quot;desktop&quot;,&quot;tablet&quot;,&quot;mobile&quot;],&quot;sticky_anchor_link_offset&quot;:0}\">\n\t\t\t\t\t\t<div class=\"elementor-container elementor-column-gap-default\">\n\t\t\t\t\t<div class=\"elementor-column elementor-col-100 elementor-inner-column elementor-element elementor-element-36f7a444\" data-id=\"36f7a444\" data-element_type=\"column\" data-e-type=\"column\">\n\t\t\t<div class=\"elementor-widget-wrap\">\n\t\t\t\t\t\t\t<\/div>\n\t\t<\/div>\n\t\t\t\t\t<\/div>\n\t\t<\/section>\n\t\t\t\t\t<\/div>\n\t\t<\/div>\n\t\t\t\t<div class=\"elementor-column elementor-col-33 elementor-top-column elementor-element elementor-element-3ce1598e\" data-id=\"3ce1598e\" data-element_type=\"column\" data-e-type=\"column\">\n\t\t\t<div class=\"elementor-widget-wrap elementor-element-populated\">\n\t\t\t\t\t\t<div class=\"elementor-element elementor-element-fbb6331 elementor-share-buttons--skin-minimal elementor-share-buttons--color-custom elementor-share-buttons--view-text elementor-widget-mobile__width-auto elementor-share-buttons--shape-square elementor-grid-0 elementor-widget elementor-widget-share-buttons\" data-id=\"fbb6331\" data-element_type=\"widget\" data-e-type=\"widget\" data-widget_type=\"share-buttons.default\">\n\t\t\t\t<div class=\"elementor-widget-container\">\n\t\t\t\t\t\t\t<div class=\"elementor-grid\">\n\t\t\t\t\t\t\t\t<div class=\"elementor-grid-item\">\n\t\t\t\t\t\t<div class=\"elementor-share-btn elementor-share-btn_print\" role=\"button\" tabindex=\"0\" aria-label=\"Partager sur print\">\n\t\t\t\t\t\t\t\t\t\t\t\t\t\t\t\t\t\t\t\t\t\t<div class=\"elementor-share-btn__text\">\n\t\t\t\t\t\t\t\t\t\t\t\t\t\t\t\t\t\t\t<span class=\"elementor-share-btn__title\">\n\t\t\t\t\t\t\t\t\t\tDrucken\t\t\t\t\t\t\t\t\t<\/span>\n\t\t\t\t\t\t\t\t\t\t\t\t\t\t\t\t\t<\/div>\n\t\t\t\t\t\t\t\t\t\t\t\t\t<\/div>\n\t\t\t\t\t<\/div>\n\t\t\t\t\t\t<\/div>\n\t\t\t\t\t\t<\/div>\n\t\t\t\t<\/div>\n\t\t\t\t\t<\/div>\n\t\t<\/div>\n\t\t\t\t<div class=\"elementor-column elementor-col-33 elementor-top-column elementor-element elementor-element-1da6852\" data-id=\"1da6852\" data-element_type=\"column\" data-e-type=\"column\">\n\t\t\t<div class=\"elementor-widget-wrap elementor-element-populated\">\n\t\t\t\t\t\t<div class=\"elementor-element elementor-element-b7b69bb elementor-widget elementor-widget-ethlink\" data-id=\"b7b69bb\" data-element_type=\"widget\" data-e-type=\"widget\" data-widget_type=\"ethlink.default\">\n\t\t\t\t<div class=\"elementor-widget-container\">\n\t\t\t\t\t<a class=\"eth-links-single-link internal\" href=\"https:\/\/ethrat.ch\/fr\/domaine-des-epf\/fit-for-the-future\/\" target=\"_blank\"><span class=\"eth_link_icon\"><svg xmlns=\"http:\/\/www.w3.org\/2000\/svg\" width=\"10\" height=\"16\" viewBox=\"0 0 9.77 15.68\"><g data-name=\"Layer 2\"><path d=\"M1.71 0 0 1.74l6.26 6.09L0 13.94l1.71 1.74 8.06-7.85L1.71 0z\" data-name=\"Layer 1\"\/><\/g><\/svg><\/span> FIT for the Future: d\u00e9veloppement organisationnel du Domaine des EPF <span class=\"eth_link_to_website\">Plus d'information<\/span><\/a><a class=\"eth-links-single-link internal\" href=\"https:\/\/ethrat.ch\/fr\/domaine-des-epf\/objectifs-du-projet-fit-for-the-future-et-decision-de-principe-du-conseil-des-epf\/\" target=\"_blank\"><span class=\"eth_link_icon\"><svg xmlns=\"http:\/\/www.w3.org\/2000\/svg\" width=\"10\" height=\"16\" viewBox=\"0 0 9.77 15.68\"><g data-name=\"Layer 2\"><path d=\"M1.71 0 0 1.74l6.26 6.09L0 13.94l1.71 1.74 8.06-7.85L1.71 0z\" data-name=\"Layer 1\"\/><\/g><\/svg><\/span> Objectifs du projet \u00abFIT for the Future\u00bb et d\u00e9cision de principe du Conseil des EPF <span class=\"eth_link_to_website\">Plus d'information<\/span><\/a><a class=\"eth-links-single-link internal\" href=\"https:\/\/ethrat.ch\/fr\/domaine-des-epf\/newsletter-fit-for-the-future\/\" target=\"_self\"><span class=\"eth_link_icon\"><svg xmlns=\"http:\/\/www.w3.org\/2000\/svg\" width=\"10\" height=\"16\" viewBox=\"0 0 9.77 15.68\"><g data-name=\"Layer 2\"><path d=\"M1.71 0 0 1.74l6.26 6.09L0 13.94l1.71 1.74 8.06-7.85L1.71 0z\" data-name=\"Layer 1\"\/><\/g><\/svg><\/span> Newsletter FIT for the Future <span class=\"eth_link_to_website\">Plus d'information<\/span><\/a>\t\t\t\t<\/div>\n\t\t\t\t<\/div>\n\t\t\t\t<div class=\"elementor-element elementor-element-c76d1f9 elementor-align-left elementor-widget elementor-widget-global elementor-global-7507 elementor-widget-button\" data-id=\"c76d1f9\" data-element_type=\"widget\" data-e-type=\"widget\" data-widget_type=\"button.default\">\n\t\t\t\t<div class=\"elementor-widget-container\">\n\t\t\t\t\t\t\t\t\t<div class=\"elementor-button-wrapper\">\n\t\t\t\t\t<a class=\"elementor-button elementor-button-link elementor-size-sm\" href=\"#elementor-action%3Aaction%3Dpopup%3Aopen%26settings%3DeyJpZCI6NTAxNywidG9nZ2xlIjpmYWxzZX0%3D\">\n\t\t\t\t\t\t<span class=\"elementor-button-content-wrapper\">\n\t\t\t\t\t\t<span class=\"elementor-button-icon\">\n\t\t\t\t<svg xmlns=\"http:\/\/www.w3.org\/2000\/svg\" width=\"22\" height=\"20\" viewBox=\"0 0 22 20\" fill=\"none\"><path d=\"M12.567 0.230218C12.3358 0.00708362 12.0011 -0.0646381 11.6983 0.0628672C11.4035 0.182403 11.2042 0.477259 11.2042 0.796022V5.03557C6.90891 5.20292 4.75726 6.988 4.43052 7.28285C2.26293 9.05996 0.780685 11.5383 0.246757 14.2877C-0.0241917 15.6185 -0.0720064 16.9812 0.103313 18.328V18.336C0.103313 18.3439 0.103314 18.3599 0.111283 18.3678L0.278633 19.3401C0.334416 19.6668 0.589427 19.9218 0.916159 19.9856C1.24289 20.0493 1.56962 19.8979 1.74494 19.611L2.25496 18.7663C3.80893 16.1763 5.74542 14.463 8.01661 13.6741C9.03665 13.3154 10.1204 13.1561 11.2042 13.2039V17.5948C11.2042 17.9136 11.3955 18.2085 11.6983 18.328C11.9932 18.4475 12.3358 18.3838 12.567 18.1527L20.9664 9.70545C21.2772 9.39466 21.2772 8.8926 20.9664 8.58181L12.567 0.230218ZM12.806 15.6743V12.4946C12.806 12.1041 12.5191 11.7694 12.1366 11.7137C11.4593 11.6021 9.6423 11.4268 7.49862 12.1838C5.21149 12.9887 3.23516 14.5586 1.6015 16.8776C1.59353 16.1126 1.66525 15.3555 1.81667 14.6064C2.30278 12.1599 3.53002 10.1119 5.4665 8.51009C5.48244 8.49415 5.49838 8.47821 5.51432 8.46227C5.5701 8.41446 7.58628 6.58954 12.0011 6.62142H12.0091C12.4474 6.62142 12.806 6.26281 12.806 5.82451V2.7086L19.2929 9.15559L12.806 15.6743Z\" fill=\"black\"><\/path><\/svg>\t\t\t<\/span>\n\t\t\t\t\t\t\t\t\t<span class=\"elementor-button-text\">Artikel teilen<\/span>\n\t\t\t\t\t<\/span>\n\t\t\t\t\t<\/a>\n\t\t\t\t<\/div>\n\t\t\t\t\t\t\t\t<\/div>\n\t\t\t\t<\/div>\n\t\t\t\t\t<\/div>\n\t\t<\/div>\n\t\t\t\t\t<\/div>\n\t\t<\/section>\n\t\t\t\t<\/div>\n\t\t","protected":false},"excerpt":{"rendered":"<p>Le contexte du d\u00e9veloppement organisationnel Par\u00e9 pour l\u2019avenir: de l\u2019industrialisation \u00e0 l\u2019\u00e8re de la num\u00e9risation En 1855, l\u2019Ecole polytechnique, aujourd\u2019hui l\u2019ETH Zurich, a \u00e9t\u00e9 fond\u00e9e dans le but de former des ing\u00e9nieures et ing\u00e9nieurs pour la Suisse, notamment pour la construction de routes, de chemins de fer et de ponts ainsi que pour la chimie &#8230;<\/p>\n","protected":false},"author":11,"featured_media":0,"parent":15881,"menu_order":0,"comment_status":"closed","ping_status":"closed","template":"","meta":{"_acf_changed":false,"footnotes":"","_links_to":"","_links_to_target":""},"search-tag":[],"class_list":["post-49798","page","type-page","status-publish","hentry"],"acf":[],"yoast_head":"<!-- This site is optimized with the Yoast SEO plugin v27.3 - https:\/\/yoast.com\/product\/yoast-seo-wordpress\/ -->\n<title>Le contexte du d\u00e9veloppement organisationnel - Conseil des EPF<\/title>\n<meta name=\"robots\" content=\"index, follow, max-snippet:-1, max-image-preview:large, max-video-preview:-1\" \/>\n<link rel=\"canonical\" href=\"https:\/\/ethrat.ch\/de\/eth-bereich\/die-hintergruende-zur-organisationsentwicklung\/\" \/>\n<meta property=\"og:locale\" content=\"fr_FR\" \/>\n<meta property=\"og:type\" content=\"article\" \/>\n<meta property=\"og:title\" content=\"Le contexte du d\u00e9veloppement organisationnel - Conseil des EPF\" \/>\n<meta property=\"og:description\" content=\"Le contexte du d\u00e9veloppement organisationnel Par\u00e9 pour l\u2019avenir: de l\u2019industrialisation \u00e0 l\u2019\u00e8re de la num\u00e9risation En 1855, l\u2019Ecole polytechnique, aujourd\u2019hui l\u2019ETH Zurich, a \u00e9t\u00e9 fond\u00e9e dans le but de former des ing\u00e9nieures et ing\u00e9nieurs pour la Suisse, notamment pour la construction de routes, de chemins de fer et de ponts ainsi que pour la chimie ...\" \/>\n<meta property=\"og:url\" content=\"https:\/\/ethrat.ch\/de\/eth-bereich\/die-hintergruende-zur-organisationsentwicklung\/\" \/>\n<meta property=\"og:site_name\" content=\"Conseil des EPF\" \/>\n<meta property=\"article:modified_time\" content=\"2025-03-27T15:00:31+00:00\" \/>\n<meta property=\"og:image\" content=\"https:\/\/ethrat.ch\/wp-content\/uploads\/2025\/03\/fit_Hintergruende-_web-scaled.jpg\" \/>\n\t<meta property=\"og:image:width\" content=\"2560\" \/>\n\t<meta property=\"og:image:height\" content=\"1440\" \/>\n\t<meta property=\"og:image:type\" content=\"image\/jpeg\" \/>\n<meta name=\"twitter:card\" content=\"summary_large_image\" \/>\n<meta name=\"twitter:site\" content=\"@eth_rat\" \/>\n<meta name=\"twitter:label1\" content=\"Dur\u00e9e de lecture estim\u00e9e\" \/>\n\t<meta name=\"twitter:data1\" content=\"13 minutes\" \/>\n<script type=\"application\/ld+json\" class=\"yoast-schema-graph\">{\"@context\":\"https:\\\/\\\/schema.org\",\"@graph\":[{\"@type\":\"WebPage\",\"@id\":\"https:\\\/\\\/ethrat.ch\\\/de\\\/eth-bereich\\\/die-hintergruende-zur-organisationsentwicklung\\\/\",\"url\":\"https:\\\/\\\/ethrat.ch\\\/de\\\/eth-bereich\\\/die-hintergruende-zur-organisationsentwicklung\\\/\",\"name\":\"Le contexte du d\u00e9veloppement organisationnel - Conseil des EPF\",\"isPartOf\":{\"@id\":\"https:\\\/\\\/ethrat.ch\\\/de\\\/#website\"},\"primaryImageOfPage\":{\"@id\":\"https:\\\/\\\/ethrat.ch\\\/de\\\/eth-bereich\\\/die-hintergruende-zur-organisationsentwicklung\\\/#primaryimage\"},\"image\":{\"@id\":\"https:\\\/\\\/ethrat.ch\\\/de\\\/eth-bereich\\\/die-hintergruende-zur-organisationsentwicklung\\\/#primaryimage\"},\"thumbnailUrl\":\"https:\\\/\\\/ethrat.ch\\\/wp-content\\\/uploads\\\/2025\\\/03\\\/fit_Hintergruende-_web-scaled.jpg\",\"datePublished\":\"2024-12-06T05:50:56+00:00\",\"dateModified\":\"2025-03-27T15:00:31+00:00\",\"breadcrumb\":{\"@id\":\"https:\\\/\\\/ethrat.ch\\\/de\\\/eth-bereich\\\/die-hintergruende-zur-organisationsentwicklung\\\/#breadcrumb\"},\"inLanguage\":\"fr-FR\",\"potentialAction\":[{\"@type\":\"ReadAction\",\"target\":[\"https:\\\/\\\/ethrat.ch\\\/de\\\/eth-bereich\\\/die-hintergruende-zur-organisationsentwicklung\\\/\"]}]},{\"@type\":\"ImageObject\",\"inLanguage\":\"fr-FR\",\"@id\":\"https:\\\/\\\/ethrat.ch\\\/de\\\/eth-bereich\\\/die-hintergruende-zur-organisationsentwicklung\\\/#primaryimage\",\"url\":\"https:\\\/\\\/ethrat.ch\\\/wp-content\\\/uploads\\\/2025\\\/03\\\/fit_Hintergruende-_web-scaled.jpg\",\"contentUrl\":\"https:\\\/\\\/ethrat.ch\\\/wp-content\\\/uploads\\\/2025\\\/03\\\/fit_Hintergruende-_web-scaled.jpg\"},{\"@type\":\"BreadcrumbList\",\"@id\":\"https:\\\/\\\/ethrat.ch\\\/de\\\/eth-bereich\\\/die-hintergruende-zur-organisationsentwicklung\\\/#breadcrumb\",\"itemListElement\":[{\"@type\":\"ListItem\",\"position\":1,\"name\":\"Home\",\"item\":\"https:\\\/\\\/ethrat.ch\\\/fr\\\/\"},{\"@type\":\"ListItem\",\"position\":2,\"name\":\"DOMAINE DES EPF\",\"item\":\"https:\\\/\\\/ethrat.ch\\\/fr\\\/domaine-des-epf\\\/\"},{\"@type\":\"ListItem\",\"position\":3,\"name\":\"Le contexte du d\u00e9veloppement organisationnel\"}]},{\"@type\":\"WebSite\",\"@id\":\"https:\\\/\\\/ethrat.ch\\\/de\\\/#website\",\"url\":\"https:\\\/\\\/ethrat.ch\\\/de\\\/\",\"name\":\"ETH-Rat\",\"description\":\"\",\"publisher\":{\"@id\":\"https:\\\/\\\/ethrat.ch\\\/de\\\/#organization\"},\"potentialAction\":[{\"@type\":\"SearchAction\",\"target\":{\"@type\":\"EntryPoint\",\"urlTemplate\":\"https:\\\/\\\/ethrat.ch\\\/de\\\/?s={search_term_string}\"},\"query-input\":{\"@type\":\"PropertyValueSpecification\",\"valueRequired\":true,\"valueName\":\"search_term_string\"}}],\"inLanguage\":\"fr-FR\"},{\"@type\":\"Organization\",\"@id\":\"https:\\\/\\\/ethrat.ch\\\/de\\\/#organization\",\"name\":\"ETH-Rat\",\"url\":\"https:\\\/\\\/ethrat.ch\\\/de\\\/\",\"logo\":{\"@type\":\"ImageObject\",\"inLanguage\":\"fr-FR\",\"@id\":\"https:\\\/\\\/ethrat.ch\\\/de\\\/#\\\/schema\\\/logo\\\/image\\\/\",\"url\":\"https:\\\/\\\/ethrat.ch\\\/wp-content\\\/uploads\\\/2024\\\/04\\\/logo-white.svg\",\"contentUrl\":\"https:\\\/\\\/ethrat.ch\\\/wp-content\\\/uploads\\\/2024\\\/04\\\/logo-white.svg\",\"width\":283,\"height\":81,\"caption\":\"ETH-Rat\"},\"image\":{\"@id\":\"https:\\\/\\\/ethrat.ch\\\/de\\\/#\\\/schema\\\/logo\\\/image\\\/\"},\"sameAs\":[\"https:\\\/\\\/x.com\\\/eth_rat\",\"https:\\\/\\\/issuu.com\\\/ethrat\",\"https:\\\/\\\/www.linkedin.com\\\/company\\\/eth-rat\\\/\"]}]}<\/script>\n<!-- \/ Yoast SEO plugin. -->","yoast_head_json":{"title":"Le contexte du d\u00e9veloppement organisationnel - Conseil des EPF","robots":{"index":"index","follow":"follow","max-snippet":"max-snippet:-1","max-image-preview":"max-image-preview:large","max-video-preview":"max-video-preview:-1"},"canonical":"https:\/\/ethrat.ch\/de\/eth-bereich\/die-hintergruende-zur-organisationsentwicklung\/","og_locale":"fr_FR","og_type":"article","og_title":"Le contexte du d\u00e9veloppement organisationnel - Conseil des EPF","og_description":"Le contexte du d\u00e9veloppement organisationnel Par\u00e9 pour l\u2019avenir: de l\u2019industrialisation \u00e0 l\u2019\u00e8re de la num\u00e9risation En 1855, l\u2019Ecole polytechnique, aujourd\u2019hui l\u2019ETH Zurich, a \u00e9t\u00e9 fond\u00e9e dans le but de former des ing\u00e9nieures et ing\u00e9nieurs pour la Suisse, notamment pour la construction de routes, de chemins de fer et de ponts ainsi que pour la chimie ...","og_url":"https:\/\/ethrat.ch\/de\/eth-bereich\/die-hintergruende-zur-organisationsentwicklung\/","og_site_name":"Conseil des EPF","article_modified_time":"2025-03-27T15:00:31+00:00","og_image":[{"width":2560,"height":1440,"url":"https:\/\/ethrat.ch\/wp-content\/uploads\/2025\/03\/fit_Hintergruende-_web-scaled.jpg","type":"image\/jpeg"}],"twitter_card":"summary_large_image","twitter_site":"@eth_rat","twitter_misc":{"Dur\u00e9e de lecture estim\u00e9e":"13 minutes"},"schema":{"@context":"https:\/\/schema.org","@graph":[{"@type":"WebPage","@id":"https:\/\/ethrat.ch\/de\/eth-bereich\/die-hintergruende-zur-organisationsentwicklung\/","url":"https:\/\/ethrat.ch\/de\/eth-bereich\/die-hintergruende-zur-organisationsentwicklung\/","name":"Le contexte du d\u00e9veloppement organisationnel - Conseil des EPF","isPartOf":{"@id":"https:\/\/ethrat.ch\/de\/#website"},"primaryImageOfPage":{"@id":"https:\/\/ethrat.ch\/de\/eth-bereich\/die-hintergruende-zur-organisationsentwicklung\/#primaryimage"},"image":{"@id":"https:\/\/ethrat.ch\/de\/eth-bereich\/die-hintergruende-zur-organisationsentwicklung\/#primaryimage"},"thumbnailUrl":"https:\/\/ethrat.ch\/wp-content\/uploads\/2025\/03\/fit_Hintergruende-_web-scaled.jpg","datePublished":"2024-12-06T05:50:56+00:00","dateModified":"2025-03-27T15:00:31+00:00","breadcrumb":{"@id":"https:\/\/ethrat.ch\/de\/eth-bereich\/die-hintergruende-zur-organisationsentwicklung\/#breadcrumb"},"inLanguage":"fr-FR","potentialAction":[{"@type":"ReadAction","target":["https:\/\/ethrat.ch\/de\/eth-bereich\/die-hintergruende-zur-organisationsentwicklung\/"]}]},{"@type":"ImageObject","inLanguage":"fr-FR","@id":"https:\/\/ethrat.ch\/de\/eth-bereich\/die-hintergruende-zur-organisationsentwicklung\/#primaryimage","url":"https:\/\/ethrat.ch\/wp-content\/uploads\/2025\/03\/fit_Hintergruende-_web-scaled.jpg","contentUrl":"https:\/\/ethrat.ch\/wp-content\/uploads\/2025\/03\/fit_Hintergruende-_web-scaled.jpg"},{"@type":"BreadcrumbList","@id":"https:\/\/ethrat.ch\/de\/eth-bereich\/die-hintergruende-zur-organisationsentwicklung\/#breadcrumb","itemListElement":[{"@type":"ListItem","position":1,"name":"Home","item":"https:\/\/ethrat.ch\/fr\/"},{"@type":"ListItem","position":2,"name":"DOMAINE DES EPF","item":"https:\/\/ethrat.ch\/fr\/domaine-des-epf\/"},{"@type":"ListItem","position":3,"name":"Le contexte du d\u00e9veloppement organisationnel"}]},{"@type":"WebSite","@id":"https:\/\/ethrat.ch\/de\/#website","url":"https:\/\/ethrat.ch\/de\/","name":"ETH-Rat","description":"","publisher":{"@id":"https:\/\/ethrat.ch\/de\/#organization"},"potentialAction":[{"@type":"SearchAction","target":{"@type":"EntryPoint","urlTemplate":"https:\/\/ethrat.ch\/de\/?s={search_term_string}"},"query-input":{"@type":"PropertyValueSpecification","valueRequired":true,"valueName":"search_term_string"}}],"inLanguage":"fr-FR"},{"@type":"Organization","@id":"https:\/\/ethrat.ch\/de\/#organization","name":"ETH-Rat","url":"https:\/\/ethrat.ch\/de\/","logo":{"@type":"ImageObject","inLanguage":"fr-FR","@id":"https:\/\/ethrat.ch\/de\/#\/schema\/logo\/image\/","url":"https:\/\/ethrat.ch\/wp-content\/uploads\/2024\/04\/logo-white.svg","contentUrl":"https:\/\/ethrat.ch\/wp-content\/uploads\/2024\/04\/logo-white.svg","width":283,"height":81,"caption":"ETH-Rat"},"image":{"@id":"https:\/\/ethrat.ch\/de\/#\/schema\/logo\/image\/"},"sameAs":["https:\/\/x.com\/eth_rat","https:\/\/issuu.com\/ethrat","https:\/\/www.linkedin.com\/company\/eth-rat\/"]}]}},"_links":{"self":[{"href":"https:\/\/ethrat.ch\/fr\/wp-json\/wp\/v2\/pages\/49798","targetHints":{"allow":["GET"]}}],"collection":[{"href":"https:\/\/ethrat.ch\/fr\/wp-json\/wp\/v2\/pages"}],"about":[{"href":"https:\/\/ethrat.ch\/fr\/wp-json\/wp\/v2\/types\/page"}],"author":[{"embeddable":true,"href":"https:\/\/ethrat.ch\/fr\/wp-json\/wp\/v2\/users\/11"}],"replies":[{"embeddable":true,"href":"https:\/\/ethrat.ch\/fr\/wp-json\/wp\/v2\/comments?post=49798"}],"version-history":[{"count":0,"href":"https:\/\/ethrat.ch\/fr\/wp-json\/wp\/v2\/pages\/49798\/revisions"}],"up":[{"embeddable":true,"href":"https:\/\/ethrat.ch\/fr\/wp-json\/wp\/v2\/pages\/15881"}],"wp:attachment":[{"href":"https:\/\/ethrat.ch\/fr\/wp-json\/wp\/v2\/media?parent=49798"}],"wp:term":[{"taxonomy":"search-tag","embeddable":true,"href":"https:\/\/ethrat.ch\/fr\/wp-json\/wp\/v2\/search-tag?post=49798"}],"curies":[{"name":"wp","href":"https:\/\/api.w.org\/{rel}","templated":true}]}}