{"id":49622,"date":"2024-11-27T12:25:04","date_gmt":"2024-11-27T11:25:04","guid":{"rendered":"https:\/\/ethrat.ch\/domaine-des-epf\/1-landing-page-fff\/"},"modified":"2026-03-18T16:29:54","modified_gmt":"2026-03-18T15:29:54","slug":"fit-for-the-future","status":"publish","type":"page","link":"https:\/\/ethrat.ch\/fr\/domaine-des-epf\/fit-for-the-future\/","title":{"rendered":"FIT for the Future: d\u00e9veloppement organisationnel du Domaine des EPF"},"content":{"rendered":"\t\t<div data-elementor-type=\"wp-page\" data-elementor-id=\"49622\" class=\"elementor elementor-49622 elementor-49527\" data-elementor-post-type=\"page\">\n\t\t\t\t\t\t<section class=\"elementor-section elementor-top-section elementor-element elementor-element-9608200 elementor-section-boxed elementor-section-height-default elementor-section-height-default\" data-id=\"9608200\" data-element_type=\"section\" data-e-type=\"section\">\n\t\t\t\t\t\t<div class=\"elementor-container elementor-column-gap-default\">\n\t\t\t\t\t<div class=\"elementor-column elementor-col-100 elementor-top-column elementor-element elementor-element-03b7f3f\" data-id=\"03b7f3f\" data-element_type=\"column\" data-e-type=\"column\" data-settings=\"{&quot;background_background&quot;:&quot;classic&quot;}\">\n\t\t\t<div class=\"elementor-widget-wrap elementor-element-populated\">\n\t\t\t\t\t\t<div class=\"elementor-element elementor-element-8a9cdaf elementor-widget elementor-widget-image\" data-id=\"8a9cdaf\" data-element_type=\"widget\" data-e-type=\"widget\" data-widget_type=\"image.default\">\n\t\t\t\t<div class=\"elementor-widget-container\">\n\t\t\t\t\t\t\t\t\t\t\t\t\t\t\t<img decoding=\"async\" width=\"1120\" height=\"580\" src=\"https:\/\/ethrat.ch\/wp-content\/uploads\/2025\/03\/fit_organisationsentwicklung_web.jpg\" class=\"attachment-full size-full wp-image-51745\" alt=\"\" srcset=\"https:\/\/ethrat.ch\/wp-content\/uploads\/2025\/03\/fit_organisationsentwicklung_web.jpg 1120w, https:\/\/ethrat.ch\/wp-content\/uploads\/2025\/03\/fit_organisationsentwicklung_web-300x155.jpg 300w, https:\/\/ethrat.ch\/wp-content\/uploads\/2025\/03\/fit_organisationsentwicklung_web-1024x530.jpg 1024w, https:\/\/ethrat.ch\/wp-content\/uploads\/2025\/03\/fit_organisationsentwicklung_web-768x398.jpg 768w\" sizes=\"(max-width: 1120px) 100vw, 1120px\" \/>\t\t\t\t\t\t\t\t\t\t\t\t\t\t\t<\/div>\n\t\t\t\t<\/div>\n\t\t\t\t\t<\/div>\n\t\t<\/div>\n\t\t\t\t\t<\/div>\n\t\t<\/section>\n\t\t\t\t<section class=\"elementor-section elementor-top-section elementor-element elementor-element-2d3b43f6 elementor-section-boxed elementor-section-height-default elementor-section-height-default\" data-id=\"2d3b43f6\" data-element_type=\"section\" data-e-type=\"section\">\n\t\t\t\t\t\t<div class=\"elementor-container elementor-column-gap-default\">\n\t\t\t\t\t<div class=\"elementor-column elementor-col-100 elementor-top-column elementor-element elementor-element-64c64c6d\" data-id=\"64c64c6d\" data-element_type=\"column\" data-e-type=\"column\">\n\t\t\t<div class=\"elementor-widget-wrap elementor-element-populated\">\n\t\t\t\t\t\t<div class=\"elementor-element elementor-element-49d50d47 elementor-widget__width-initial elementor-widget elementor-widget-heading\" data-id=\"49d50d47\" data-element_type=\"widget\" data-e-type=\"widget\" data-widget_type=\"heading.default\">\n\t\t\t\t<div class=\"elementor-widget-container\">\n\t\t\t\t\t<h1 class=\"elementor-heading-title elementor-size-default\">FIT for the Future: d\u00e9veloppement organisationnel du Domaine des EPF<\/h1>\t\t\t\t<\/div>\n\t\t\t\t<\/div>\n\t\t\t\t<div class=\"elementor-element elementor-element-7eb6a01c elementor-widget__width-initial elementor-widget elementor-widget-text-editor\" data-id=\"7eb6a01c\" data-element_type=\"widget\" data-e-type=\"widget\" data-widget_type=\"text-editor.default\">\n\t\t\t\t<div class=\"elementor-widget-container\">\n\t\t\t\t\t\t\t\t\t<p>Le Conseil des EPF travaille actuellement sur le d\u00e9veloppement organisationnel du Domaine des EPF afin que celui-ci soit pr\u00eat pour l\u2019avenir et qu\u2019il trouve une organisation et une structure optimales. Le Domaine des EPF doit ainsi \u00eatre mieux pr\u00e9par\u00e9 \u00e0 relever les d\u00e9fis actuels et futurs. L\u2019objectif est de cr\u00e9er un syst\u00e8me dans lequel les capacit\u00e9s exceptionnelles des institutions du Domaine des EPF pourront \u00eatre utilis\u00e9es pour trouver des solutions aux grands d\u00e9fis de soci\u00e9t\u00e9.<\/p>\n\t\t\t\t\t\t\t\t<\/div>\n\t\t\t\t<\/div>\n\t\t\t\t<div class=\"elementor-element elementor-element-4d7d571 elementor-widget elementor-widget-text-editor\" data-id=\"4d7d571\" data-element_type=\"widget\" data-e-type=\"widget\" data-widget_type=\"text-editor.default\">\n\t\t\t\t<div class=\"elementor-widget-container\">\n\t\t\t\t\t\t\t\t\t<p>Actualis\u00e9 le 6 mars 2026<\/p>\n\t\t\t\t\t\t\t\t<\/div>\n\t\t\t\t<\/div>\n\t\t\t\t<div class=\"elementor-element elementor-element-dd2b443 elementor-widget__width-initial elementor-widget elementor-widget-text-editor\" data-id=\"dd2b443\" data-element_type=\"widget\" data-e-type=\"widget\" data-widget_type=\"text-editor.default\">\n\t\t\t\t<div class=\"elementor-widget-container\">\n\t\t\t\t\t\t\t\t\t<p>Des d\u00e9fis de taille attendent la Suisse. Le Domaine des EPF doit donc s\u2019organiser en cons\u00e9quence pour pouvoir agir de la mani\u00e8re la plus agile et la plus flexible possible et aborder rapidement de grands th\u00e8mes nouveaux, tels que la num\u00e9risation, l\u2019intelligence artificielle, la sant\u00e9 ou encore les questions \u00e9nerg\u00e9tiques et environnementales. Une adaptation de l\u2019organisation et de la structure du Domaine des EPF qui soit orient\u00e9e vers l\u2019avenir doit permettre de renforcer la coop\u00e9ration entre les institutions, d\u2019exploiter les synergies et d\u2019\u00e9viter les obstacles administratifs. Pour les partenaires \u00e9conomiques, scientifiques et ceux issus de l&rsquo;administration, l&rsquo;acc\u00e8s aux institutions du Domaine des EPF sera rendu plus ais\u00e9, ce qui est aussi favorable au renforcement de la collaboration.<\/p>\n\t\t\t\t\t\t\t\t<\/div>\n\t\t\t\t<\/div>\n\t\t\t\t<div class=\"elementor-element elementor-element-79ce552 elementor-widget elementor-widget-text-editor\" data-id=\"79ce552\" data-element_type=\"widget\" data-e-type=\"widget\" data-widget_type=\"text-editor.default\">\n\t\t\t\t<div class=\"elementor-widget-container\">\n\t\t\t\t\t\t\t\t\t<h4>Etat des travaux et prochaines \u00e9tapes<\/h4>\n\t\t\t\t\t\t\t\t<\/div>\n\t\t\t\t<\/div>\n\t\t\t\t<div class=\"elementor-element elementor-element-629f04e elementor-widget elementor-widget-text-editor\" data-id=\"629f04e\" data-element_type=\"widget\" data-e-type=\"widget\" data-widget_type=\"text-editor.default\">\n\t\t\t\t<div class=\"elementor-widget-container\">\n\t\t\t\t\t\t\t\t\t<p>La deuxi\u00e8me \u00e9tape (<em><a href=\"https:\/\/ethrat.ch\/fr\/domaine-des-epf\/creation-dune-structure-commune-et-dune-unite-numerique-digital-unit-derniers-progres-en-date\/\">design phase<\/a><\/em>) du projet \u00ab<em>FIT for the Future\u00bb<\/em> est d\u00e9sormais en cours et consiste principalement \u00e0 pr\u00e9ciser la forme concr\u00e8te \u00e0 donner au projet. Le Conseil des EPF entend resserrer la collaboration et renforcer la coordination dans le Domaine des EPF qui, \u00e0 l\u2019avenir, sera constitu\u00e9 de trois piliers strat\u00e9giques forts: l\u2019ETH Zurich, l\u2019EPFL ainsi que les quatre \u00e9tablissements de recherche r\u00e9unis au sein d\u2019une m\u00eame structure.<\/p>\n<p>D\u00e9but 2024, le Conseil des EPF et les institutions du Domaine des EPF ont d\u00e9fini ensemble des <a href=\"https:\/\/ethrat.ch\/fr\/domaine-des-epf\/objectifs-du-projet-fit-for-the-future-et-decision-de-principe-du-conseil-des-epf\/\" target=\"_blank\" rel=\"noopener\">objectifs en vue d\u2019introduire une organisation et une structure p\u00e9rennes pour le Domaine des EPF<\/a>. Ils ont d\u00e9velopp\u00e9 sur ces bases deux variantes de mod\u00e8le gr\u00e2ce auxquelles les objectifs pourront \u00eatre mis en \u0153uvre. Les deux propositions se distinguent notamment par le degr\u00e9 d\u2019int\u00e9gration des quatre \u00e9tablissements de recherche. La premi\u00e8re, intitul\u00e9e \u00ab<em>Swiss National Labs<\/em>\u00bb (titre de travail), pr\u00e9voit que les \u00e9tablissements de recherche conservent chacun leur personnalit\u00e9 juridique. La seconde, intitul\u00e9e \u00ab<em>Swiss National Lab<\/em>\u00bb (titre de travail), pr\u00e9conise en revanche de les doter d\u2019une personnalit\u00e9 juridique unique. Dans les deux cas, les \u00e9tablissements de recherche seront r\u00e9unis au sein d\u2019une m\u00eame structure, qui affichera une nouvelle identit\u00e9 commune, tout en conservant leurs noms, leurs logos\/marques et leurs sites respectifs.<\/p>\n<p>Le Conseil des EPF a d\u00e9battu de ces deux variantes lors de sa s\u00e9ance des 4 et 5 mars 2026 et d\u00e9cid\u00e9 de les soumettre \u00e0 la consultation interne au Domaine des EPF. La proc\u00e9dure de consultation, qui d\u00e9butera apr\u00e8s la s\u00e9ance du Conseil des EPF, se poursuivra jusqu\u2019\u00e0 d\u00e9but juin. Apr\u00e8s examen des retours issus de la consultation, le Conseil des EPF devrait d\u00e9cider de la suite \u00e0 donner au projet dans le courant du second semestre.<\/p>\n<p>Le Conseil des EPF poursuit les \u00e9changes avec les diff\u00e9rentes parties prenantes, telles que les responsables politiques, les organisations partenaires des \u00e9tablissements de recherche et des hautes \u00e9coles, les associations \u00e9conomiques, les cantons d\u2019implantation et les pouvoirs publics. Avant de rendre sa d\u00e9cision sur la solution qu\u2019il proposera au Conseil f\u00e9d\u00e9ral, il lancera une proc\u00e9dure de consultation interne au Domaine des EPF ainsi qu\u2019une proc\u00e9dure de consultation des offices. Si, en plus des nouvelles formes de collaboration, le sc\u00e9nario retenu n\u00e9cessite \u00e9galement une adaptation structurelle, le Conseil des EPF devra soumettre au Conseil f\u00e9d\u00e9ral une demande de proc\u00e9dure l\u00e9gislative \u00e0 l\u2019issue de laquelle ce sera au Parlement de trancher.<\/p>\n\t\t\t\t\t\t\t\t<\/div>\n\t\t\t\t<\/div>\n\t\t\t\t<section class=\"elementor-section elementor-inner-section elementor-element elementor-element-8b975b4 elementor-section-full_width elementor-section-height-default elementor-section-height-default\" data-id=\"8b975b4\" data-element_type=\"section\" data-e-type=\"section\">\n\t\t\t\t\t\t<div class=\"elementor-container elementor-column-gap-default\">\n\t\t\t\t\t<div class=\"elementor-column elementor-col-100 elementor-inner-column elementor-element elementor-element-3000e7f\" data-id=\"3000e7f\" data-element_type=\"column\" data-e-type=\"column\" data-settings=\"{&quot;background_background&quot;:&quot;classic&quot;}\">\n\t\t\t<div class=\"elementor-widget-wrap elementor-element-populated\">\n\t\t\t\t\t\t<div class=\"elementor-element elementor-element-b723397 elementor-widget elementor-widget-text-editor\" data-id=\"b723397\" data-element_type=\"widget\" data-e-type=\"widget\" data-widget_type=\"text-editor.default\">\n\t\t\t\t<div class=\"elementor-widget-container\">\n\t\t\t\t\t\t\t\t\t<h4>Calendrier et jalons<\/h4>\n<p><strong>A partir de l\u2019automne 2023<\/strong><\/p>\n<ul>\n<li>Elaborer et concr\u00e9tiser davantage les options de collaboration<\/li>\n<li>Echanges avec les parties prenantes (responsables politiques, \u00e9conomie, soci\u00e9t\u00e9)<\/li>\n<\/ul>\n<div>\u00a0<\/div>\n<p><strong>2024<\/strong><\/p>\n<ul>\n<li>Ao\u00fbt \u00e0 octobre: consultation pr\u00e9alable au sein du Domaine des EPF (voir le r\u00e9sum\u00e9 des r\u00e9sultats dans le <a href=\"https:\/\/ethrat.ch\/wp-content\/uploads\/2024\/12\/241204_Interface_Struktur_ETH-Bereich.pdf\" target=\"_blank\" rel=\"noopener\">rapport de la soci\u00e9t\u00e9 Interface<\/a>, en allemand)\u00a0<\/li>\n<li>D\u00e9cembre: <a href=\"https:\/\/ethrat.ch\/fr\/domaine-des-epf\/objectifs-du-projet-fit-for-the-future-et-decision-de-principe\" target=\"_blank\" rel=\"noopener\">d\u00e9cision de principe du Conseil des EPF<\/a>\u00a0<\/li>\n<\/ul>\n<div>\u00a0<\/div>\n<p><strong>2025<\/strong><\/p>\n<ul>\n<li>Pr\u00e9cision de la structure<\/li>\n<\/ul>\n<div>\u00a0<\/div>\n<div>\n<p><strong>2026<\/strong><\/p>\n<ul>\n<li>Consultation au sein du Domaine des EPF\u00a0<\/li>\n<li>D\u00e9cision du Conseil des EPF<\/li>\n<\/ul>\n<div>\u00a0<\/div>\n<\/div>\n<p><strong>2026\/2027<\/strong><\/p>\n<ul>\n<li><span style=\"text-decoration: underline;\">Variante SNL<\/span>: Transmission de la proposition au propri\u00e9taire resp. au Conseil f\u00e9d\u00e9ral; en cas d&rsquo;accord du Conseil f\u00e9d\u00e9ral, lancement de la proc\u00e9dure l\u00e9gislative\u00a0<\/li>\n<li><span style=\"text-decoration: underline;\">Variante SNLs<\/span>: Consultation au sein du domaine des EPF et consultation des administrations<\/li>\n<\/ul>\n\t\t\t\t\t\t\t\t<\/div>\n\t\t\t\t<\/div>\n\t\t\t\t<div class=\"elementor-element elementor-element-9baa4f5 elementor-widget elementor-widget-spacer\" data-id=\"9baa4f5\" data-element_type=\"widget\" data-e-type=\"widget\" data-widget_type=\"spacer.default\">\n\t\t\t\t<div class=\"elementor-widget-container\">\n\t\t\t\t\t\t\t<div class=\"elementor-spacer\">\n\t\t\t<div class=\"elementor-spacer-inner\"><\/div>\n\t\t<\/div>\n\t\t\t\t\t\t<\/div>\n\t\t\t\t<\/div>\n\t\t\t\t\t<\/div>\n\t\t<\/div>\n\t\t\t\t\t<\/div>\n\t\t<\/section>\n\t\t\t\t\t<\/div>\n\t\t<\/div>\n\t\t\t\t\t<\/div>\n\t\t<\/section>\n\t\t\t\t<\/div>\n\t\t","protected":false},"excerpt":{"rendered":"<p>FIT for the Future: d\u00e9veloppement organisationnel du Domaine des EPF Le Conseil des EPF travaille actuellement sur le d\u00e9veloppement organisationnel du Domaine des EPF afin que celui-ci soit pr\u00eat pour l\u2019avenir et qu\u2019il trouve une organisation et une structure optimales. Le Domaine des EPF doit ainsi \u00eatre mieux pr\u00e9par\u00e9 \u00e0 relever les d\u00e9fis actuels et &#8230;<\/p>\n","protected":false},"author":11,"featured_media":0,"parent":15881,"menu_order":0,"comment_status":"closed","ping_status":"closed","template":"","meta":{"_acf_changed":false,"footnotes":"","_links_to":"","_links_to_target":""},"search-tag":[],"class_list":["post-49622","page","type-page","status-publish","hentry"],"acf":[],"yoast_head":"<!-- This site is optimized with the Yoast SEO plugin v27.3 - https:\/\/yoast.com\/product\/yoast-seo-wordpress\/ -->\n<title>FIT for the Future: d\u00e9veloppement organisationnel du Domaine des EPF - Conseil des EPF<\/title>\n<meta name=\"robots\" content=\"index, follow, max-snippet:-1, max-image-preview:large, max-video-preview:-1\" \/>\n<link rel=\"canonical\" href=\"https:\/\/ethrat.ch\/de\/eth-bereich\/fit-for-the-future\/\" \/>\n<meta property=\"og:locale\" content=\"fr_FR\" \/>\n<meta property=\"og:type\" content=\"article\" \/>\n<meta property=\"og:title\" content=\"FIT for the Future: d\u00e9veloppement organisationnel du Domaine des EPF - Conseil des EPF\" \/>\n<meta property=\"og:description\" content=\"FIT for the Future: d\u00e9veloppement organisationnel du Domaine des EPF Le Conseil des EPF travaille actuellement sur le d\u00e9veloppement organisationnel du Domaine des EPF afin que celui-ci soit pr\u00eat pour l\u2019avenir et qu\u2019il trouve une organisation et une structure optimales. Le Domaine des EPF doit ainsi \u00eatre mieux pr\u00e9par\u00e9 \u00e0 relever les d\u00e9fis actuels et ...\" \/>\n<meta property=\"og:url\" content=\"https:\/\/ethrat.ch\/de\/eth-bereich\/fit-for-the-future\/\" \/>\n<meta property=\"og:site_name\" content=\"Conseil des EPF\" \/>\n<meta property=\"article:modified_time\" content=\"2026-03-18T15:29:54+00:00\" \/>\n<meta property=\"og:image\" content=\"https:\/\/ethrat.ch\/wp-content\/uploads\/2025\/03\/fit_organisationsentwicklung_web.jpg\" \/>\n\t<meta property=\"og:image:width\" content=\"1120\" \/>\n\t<meta property=\"og:image:height\" content=\"580\" \/>\n\t<meta property=\"og:image:type\" content=\"image\/jpeg\" \/>\n<meta name=\"twitter:card\" content=\"summary_large_image\" \/>\n<meta name=\"twitter:site\" content=\"@eth_rat\" \/>\n<meta name=\"twitter:label1\" content=\"Dur\u00e9e de lecture estim\u00e9e\" \/>\n\t<meta name=\"twitter:data1\" content=\"4 minutes\" \/>\n<script type=\"application\/ld+json\" class=\"yoast-schema-graph\">{\"@context\":\"https:\\\/\\\/schema.org\",\"@graph\":[{\"@type\":\"WebPage\",\"@id\":\"https:\\\/\\\/ethrat.ch\\\/de\\\/eth-bereich\\\/fit-for-the-future\\\/\",\"url\":\"https:\\\/\\\/ethrat.ch\\\/de\\\/eth-bereich\\\/fit-for-the-future\\\/\",\"name\":\"FIT for the Future: d\u00e9veloppement organisationnel du Domaine des EPF - Conseil des EPF\",\"isPartOf\":{\"@id\":\"https:\\\/\\\/ethrat.ch\\\/de\\\/#website\"},\"primaryImageOfPage\":{\"@id\":\"https:\\\/\\\/ethrat.ch\\\/de\\\/eth-bereich\\\/fit-for-the-future\\\/#primaryimage\"},\"image\":{\"@id\":\"https:\\\/\\\/ethrat.ch\\\/de\\\/eth-bereich\\\/fit-for-the-future\\\/#primaryimage\"},\"thumbnailUrl\":\"https:\\\/\\\/ethrat.ch\\\/wp-content\\\/uploads\\\/2025\\\/03\\\/fit_organisationsentwicklung_web.jpg\",\"datePublished\":\"2024-11-27T11:25:04+00:00\",\"dateModified\":\"2026-03-18T15:29:54+00:00\",\"breadcrumb\":{\"@id\":\"https:\\\/\\\/ethrat.ch\\\/de\\\/eth-bereich\\\/fit-for-the-future\\\/#breadcrumb\"},\"inLanguage\":\"fr-FR\",\"potentialAction\":[{\"@type\":\"ReadAction\",\"target\":[\"https:\\\/\\\/ethrat.ch\\\/de\\\/eth-bereich\\\/fit-for-the-future\\\/\"]}]},{\"@type\":\"ImageObject\",\"inLanguage\":\"fr-FR\",\"@id\":\"https:\\\/\\\/ethrat.ch\\\/de\\\/eth-bereich\\\/fit-for-the-future\\\/#primaryimage\",\"url\":\"https:\\\/\\\/ethrat.ch\\\/wp-content\\\/uploads\\\/2025\\\/03\\\/fit_organisationsentwicklung_web.jpg\",\"contentUrl\":\"https:\\\/\\\/ethrat.ch\\\/wp-content\\\/uploads\\\/2025\\\/03\\\/fit_organisationsentwicklung_web.jpg\"},{\"@type\":\"BreadcrumbList\",\"@id\":\"https:\\\/\\\/ethrat.ch\\\/de\\\/eth-bereich\\\/fit-for-the-future\\\/#breadcrumb\",\"itemListElement\":[{\"@type\":\"ListItem\",\"position\":1,\"name\":\"Home\",\"item\":\"https:\\\/\\\/ethrat.ch\\\/fr\\\/\"},{\"@type\":\"ListItem\",\"position\":2,\"name\":\"DOMAINE DES EPF\",\"item\":\"https:\\\/\\\/ethrat.ch\\\/fr\\\/domaine-des-epf\\\/\"},{\"@type\":\"ListItem\",\"position\":3,\"name\":\"FIT for the Future: d\u00e9veloppement organisationnel du Domaine des EPF\"}]},{\"@type\":\"WebSite\",\"@id\":\"https:\\\/\\\/ethrat.ch\\\/de\\\/#website\",\"url\":\"https:\\\/\\\/ethrat.ch\\\/de\\\/\",\"name\":\"ETH-Rat\",\"description\":\"\",\"publisher\":{\"@id\":\"https:\\\/\\\/ethrat.ch\\\/de\\\/#organization\"},\"potentialAction\":[{\"@type\":\"SearchAction\",\"target\":{\"@type\":\"EntryPoint\",\"urlTemplate\":\"https:\\\/\\\/ethrat.ch\\\/de\\\/?s={search_term_string}\"},\"query-input\":{\"@type\":\"PropertyValueSpecification\",\"valueRequired\":true,\"valueName\":\"search_term_string\"}}],\"inLanguage\":\"fr-FR\"},{\"@type\":\"Organization\",\"@id\":\"https:\\\/\\\/ethrat.ch\\\/de\\\/#organization\",\"name\":\"ETH-Rat\",\"url\":\"https:\\\/\\\/ethrat.ch\\\/de\\\/\",\"logo\":{\"@type\":\"ImageObject\",\"inLanguage\":\"fr-FR\",\"@id\":\"https:\\\/\\\/ethrat.ch\\\/de\\\/#\\\/schema\\\/logo\\\/image\\\/\",\"url\":\"https:\\\/\\\/ethrat.ch\\\/wp-content\\\/uploads\\\/2024\\\/04\\\/logo-white.svg\",\"contentUrl\":\"https:\\\/\\\/ethrat.ch\\\/wp-content\\\/uploads\\\/2024\\\/04\\\/logo-white.svg\",\"width\":283,\"height\":81,\"caption\":\"ETH-Rat\"},\"image\":{\"@id\":\"https:\\\/\\\/ethrat.ch\\\/de\\\/#\\\/schema\\\/logo\\\/image\\\/\"},\"sameAs\":[\"https:\\\/\\\/x.com\\\/eth_rat\",\"https:\\\/\\\/issuu.com\\\/ethrat\",\"https:\\\/\\\/www.linkedin.com\\\/company\\\/eth-rat\\\/\"]}]}<\/script>\n<!-- \/ Yoast SEO plugin. -->","yoast_head_json":{"title":"FIT for the Future: d\u00e9veloppement organisationnel du Domaine des EPF - Conseil des EPF","robots":{"index":"index","follow":"follow","max-snippet":"max-snippet:-1","max-image-preview":"max-image-preview:large","max-video-preview":"max-video-preview:-1"},"canonical":"https:\/\/ethrat.ch\/de\/eth-bereich\/fit-for-the-future\/","og_locale":"fr_FR","og_type":"article","og_title":"FIT for the Future: d\u00e9veloppement organisationnel du Domaine des EPF - Conseil des EPF","og_description":"FIT for the Future: d\u00e9veloppement organisationnel du Domaine des EPF Le Conseil des EPF travaille actuellement sur le d\u00e9veloppement organisationnel du Domaine des EPF afin que celui-ci soit pr\u00eat pour l\u2019avenir et qu\u2019il trouve une organisation et une structure optimales. Le Domaine des EPF doit ainsi \u00eatre mieux pr\u00e9par\u00e9 \u00e0 relever les d\u00e9fis actuels et ...","og_url":"https:\/\/ethrat.ch\/de\/eth-bereich\/fit-for-the-future\/","og_site_name":"Conseil des EPF","article_modified_time":"2026-03-18T15:29:54+00:00","og_image":[{"width":1120,"height":580,"url":"https:\/\/ethrat.ch\/wp-content\/uploads\/2025\/03\/fit_organisationsentwicklung_web.jpg","type":"image\/jpeg"}],"twitter_card":"summary_large_image","twitter_site":"@eth_rat","twitter_misc":{"Dur\u00e9e de lecture estim\u00e9e":"4 minutes"},"schema":{"@context":"https:\/\/schema.org","@graph":[{"@type":"WebPage","@id":"https:\/\/ethrat.ch\/de\/eth-bereich\/fit-for-the-future\/","url":"https:\/\/ethrat.ch\/de\/eth-bereich\/fit-for-the-future\/","name":"FIT for the Future: d\u00e9veloppement organisationnel du Domaine des EPF - Conseil des EPF","isPartOf":{"@id":"https:\/\/ethrat.ch\/de\/#website"},"primaryImageOfPage":{"@id":"https:\/\/ethrat.ch\/de\/eth-bereich\/fit-for-the-future\/#primaryimage"},"image":{"@id":"https:\/\/ethrat.ch\/de\/eth-bereich\/fit-for-the-future\/#primaryimage"},"thumbnailUrl":"https:\/\/ethrat.ch\/wp-content\/uploads\/2025\/03\/fit_organisationsentwicklung_web.jpg","datePublished":"2024-11-27T11:25:04+00:00","dateModified":"2026-03-18T15:29:54+00:00","breadcrumb":{"@id":"https:\/\/ethrat.ch\/de\/eth-bereich\/fit-for-the-future\/#breadcrumb"},"inLanguage":"fr-FR","potentialAction":[{"@type":"ReadAction","target":["https:\/\/ethrat.ch\/de\/eth-bereich\/fit-for-the-future\/"]}]},{"@type":"ImageObject","inLanguage":"fr-FR","@id":"https:\/\/ethrat.ch\/de\/eth-bereich\/fit-for-the-future\/#primaryimage","url":"https:\/\/ethrat.ch\/wp-content\/uploads\/2025\/03\/fit_organisationsentwicklung_web.jpg","contentUrl":"https:\/\/ethrat.ch\/wp-content\/uploads\/2025\/03\/fit_organisationsentwicklung_web.jpg"},{"@type":"BreadcrumbList","@id":"https:\/\/ethrat.ch\/de\/eth-bereich\/fit-for-the-future\/#breadcrumb","itemListElement":[{"@type":"ListItem","position":1,"name":"Home","item":"https:\/\/ethrat.ch\/fr\/"},{"@type":"ListItem","position":2,"name":"DOMAINE DES EPF","item":"https:\/\/ethrat.ch\/fr\/domaine-des-epf\/"},{"@type":"ListItem","position":3,"name":"FIT for the Future: d\u00e9veloppement organisationnel du Domaine des EPF"}]},{"@type":"WebSite","@id":"https:\/\/ethrat.ch\/de\/#website","url":"https:\/\/ethrat.ch\/de\/","name":"ETH-Rat","description":"","publisher":{"@id":"https:\/\/ethrat.ch\/de\/#organization"},"potentialAction":[{"@type":"SearchAction","target":{"@type":"EntryPoint","urlTemplate":"https:\/\/ethrat.ch\/de\/?s={search_term_string}"},"query-input":{"@type":"PropertyValueSpecification","valueRequired":true,"valueName":"search_term_string"}}],"inLanguage":"fr-FR"},{"@type":"Organization","@id":"https:\/\/ethrat.ch\/de\/#organization","name":"ETH-Rat","url":"https:\/\/ethrat.ch\/de\/","logo":{"@type":"ImageObject","inLanguage":"fr-FR","@id":"https:\/\/ethrat.ch\/de\/#\/schema\/logo\/image\/","url":"https:\/\/ethrat.ch\/wp-content\/uploads\/2024\/04\/logo-white.svg","contentUrl":"https:\/\/ethrat.ch\/wp-content\/uploads\/2024\/04\/logo-white.svg","width":283,"height":81,"caption":"ETH-Rat"},"image":{"@id":"https:\/\/ethrat.ch\/de\/#\/schema\/logo\/image\/"},"sameAs":["https:\/\/x.com\/eth_rat","https:\/\/issuu.com\/ethrat","https:\/\/www.linkedin.com\/company\/eth-rat\/"]}]}},"_links":{"self":[{"href":"https:\/\/ethrat.ch\/fr\/wp-json\/wp\/v2\/pages\/49622","targetHints":{"allow":["GET"]}}],"collection":[{"href":"https:\/\/ethrat.ch\/fr\/wp-json\/wp\/v2\/pages"}],"about":[{"href":"https:\/\/ethrat.ch\/fr\/wp-json\/wp\/v2\/types\/page"}],"author":[{"embeddable":true,"href":"https:\/\/ethrat.ch\/fr\/wp-json\/wp\/v2\/users\/11"}],"replies":[{"embeddable":true,"href":"https:\/\/ethrat.ch\/fr\/wp-json\/wp\/v2\/comments?post=49622"}],"version-history":[{"count":2,"href":"https:\/\/ethrat.ch\/fr\/wp-json\/wp\/v2\/pages\/49622\/revisions"}],"predecessor-version":[{"id":58438,"href":"https:\/\/ethrat.ch\/fr\/wp-json\/wp\/v2\/pages\/49622\/revisions\/58438"}],"up":[{"embeddable":true,"href":"https:\/\/ethrat.ch\/fr\/wp-json\/wp\/v2\/pages\/15881"}],"wp:attachment":[{"href":"https:\/\/ethrat.ch\/fr\/wp-json\/wp\/v2\/media?parent=49622"}],"wp:term":[{"taxonomy":"search-tag","embeddable":true,"href":"https:\/\/ethrat.ch\/fr\/wp-json\/wp\/v2\/search-tag?post=49622"}],"curies":[{"name":"wp","href":"https:\/\/api.w.org\/{rel}","templated":true}]}}