{"id":47721,"date":"2024-04-25T10:03:52","date_gmt":"2024-04-25T08:03:52","guid":{"rendered":"https:\/\/ethrat2.flake.work\/actualites\/evaluation-intermediaire-du-domaine-des-epf\/"},"modified":"2024-04-25T10:03:53","modified_gmt":"2024-04-25T08:03:53","slug":"evaluation-intermediaire-du-domaine-des-epf","status":"publish","type":"page","link":"https:\/\/ethrat.ch\/fr\/actualites\/evaluation-intermediaire-du-domaine-des-epf\/","title":{"rendered":"Evaluation interm\u00e9diaire du Domaine des EPF"},"content":{"rendered":"\t\t<div data-elementor-type=\"wp-page\" data-elementor-id=\"47721\" class=\"elementor elementor-47721 elementor-47707\" data-elementor-post-type=\"page\">\n\t\t\t\t\t\t<section class=\"elementor-section elementor-top-section elementor-element elementor-element-9608200 elementor-section-boxed elementor-section-height-default elementor-section-height-default\" data-id=\"9608200\" data-element_type=\"section\" data-e-type=\"section\">\n\t\t\t\t\t\t<div class=\"elementor-container elementor-column-gap-default\">\n\t\t\t\t\t<div class=\"elementor-column elementor-col-100 elementor-top-column elementor-element elementor-element-03b7f3f\" data-id=\"03b7f3f\" data-element_type=\"column\" data-e-type=\"column\" data-settings=\"{&quot;background_background&quot;:&quot;classic&quot;}\">\n\t\t\t<div class=\"elementor-widget-wrap elementor-element-populated\">\n\t\t\t\t\t\t<div class=\"elementor-element elementor-element-8a9cdaf elementor-widget__width-initial elementor-widget elementor-widget-image\" data-id=\"8a9cdaf\" data-element_type=\"widget\" data-e-type=\"widget\" data-widget_type=\"image.default\">\n\t\t\t\t<div class=\"elementor-widget-container\">\n\t\t\t\t\t\t\t\t\t\t\t\t\t\t\t<img decoding=\"async\" width=\"1120\" height=\"580\" src=\"https:\/\/ethrat.ch\/wp-content\/uploads\/2021\/11\/Petrol_francesco-ungaro-_yJWGhKaO8k-unsplash-1.jpg\" class=\"attachment-full size-full wp-image-19483\" alt=\"\" srcset=\"https:\/\/ethrat.ch\/wp-content\/uploads\/2021\/11\/Petrol_francesco-ungaro-_yJWGhKaO8k-unsplash-1.jpg 1120w, https:\/\/ethrat.ch\/wp-content\/uploads\/2021\/11\/Petrol_francesco-ungaro-_yJWGhKaO8k-unsplash-1-300x155.jpg 300w, https:\/\/ethrat.ch\/wp-content\/uploads\/2021\/11\/Petrol_francesco-ungaro-_yJWGhKaO8k-unsplash-1-1024x530.jpg 1024w, https:\/\/ethrat.ch\/wp-content\/uploads\/2021\/11\/Petrol_francesco-ungaro-_yJWGhKaO8k-unsplash-1-768x398.jpg 768w\" sizes=\"(max-width: 1120px) 100vw, 1120px\" \/>\t\t\t\t\t\t\t\t\t\t\t\t\t\t\t<\/div>\n\t\t\t\t<\/div>\n\t\t\t\t\t<\/div>\n\t\t<\/div>\n\t\t\t\t\t<\/div>\n\t\t<\/section>\n\t\t\t\t<section class=\"elementor-section elementor-top-section elementor-element elementor-element-27877cc elementor-section-boxed elementor-section-height-default elementor-section-height-default\" data-id=\"27877cc\" data-element_type=\"section\" data-e-type=\"section\">\n\t\t\t\t\t\t<div class=\"elementor-container elementor-column-gap-default\">\n\t\t\t\t\t<div class=\"elementor-column elementor-col-100 elementor-top-column elementor-element elementor-element-1958dba\" data-id=\"1958dba\" data-element_type=\"column\" data-e-type=\"column\">\n\t\t\t<div class=\"elementor-widget-wrap elementor-element-populated\">\n\t\t\t\t\t\t<div class=\"elementor-element elementor-element-1a2e56d elementor-widget elementor-widget-heading\" data-id=\"1a2e56d\" data-element_type=\"widget\" data-e-type=\"widget\" data-widget_type=\"heading.default\">\n\t\t\t\t<div class=\"elementor-widget-container\">\n\t\t\t\t\t<h1 class=\"elementor-heading-title elementor-size-default\">Evaluation interm\u00e9diaire du Domaine des EPF<\/h1>\t\t\t\t<\/div>\n\t\t\t\t<\/div>\n\t\t\t\t<div class=\"elementor-element elementor-element-42ed6ad elementor-widget elementor-widget-text-editor\" data-id=\"42ed6ad\" data-element_type=\"widget\" data-e-type=\"widget\" data-widget_type=\"text-editor.default\">\n\t\t\t\t<div class=\"elementor-widget-container\">\n\t\t\t\t\t\t\t\t\t<p>Le Domaine des EPF se soumet tous les quatre ans \u00e0 une \u00e9valuation approfondie r\u00e9alis\u00e9e par un groupe d\u2019experts suisses et \u00e9trangers mandat\u00e9s par le D\u00e9partement f\u00e9d\u00e9ral de l\u2019\u00e9conomie, de la formation et de la recherche (DEFR).<\/p>\n\t\t\t\t\t\t\t\t<\/div>\n\t\t\t\t<\/div>\n\t\t\t\t\t<\/div>\n\t\t<\/div>\n\t\t\t\t\t<\/div>\n\t\t<\/section>\n\t\t\t\t<section class=\"elementor-section elementor-top-section elementor-element elementor-element-a0da7b9 elementor-section-boxed elementor-section-height-default elementor-section-height-default\" data-id=\"a0da7b9\" data-element_type=\"section\" data-e-type=\"section\">\n\t\t\t\t\t\t<div class=\"elementor-container elementor-column-gap-default\">\n\t\t\t\t\t<div class=\"elementor-column elementor-col-100 elementor-top-column elementor-element elementor-element-51c7f9b\" data-id=\"51c7f9b\" data-element_type=\"column\" data-e-type=\"column\">\n\t\t\t<div class=\"elementor-widget-wrap elementor-element-populated\">\n\t\t\t\t\t\t<div class=\"elementor-element elementor-element-9eb1194 elementor-widget elementor-widget-text-editor\" data-id=\"9eb1194\" data-element_type=\"widget\" data-e-type=\"widget\" data-widget_type=\"text-editor.default\">\n\t\t\t\t<div class=\"elementor-widget-container\">\n\t\t\t\t\t\t\t\t\t<p>Pour se faire une opinion g\u00e9n\u00e9rale du Domaine des EPF, le comit\u00e9 d\u2019experts commence par lire le\u00a0<strong>rapport d\u2019auto-\u00e9valuation<\/strong>\u00a0d\u00e9taill\u00e9 (<em>Self-Assessment Report<\/em>, uniquement disponible en anglais), \u00e9labor\u00e9 par le Conseil des EPF et les institutions du Domaine des EPF, ainsi que la documentation sur les activit\u00e9s, les processus et les ressources. Une semaine durant, il \u00e9change ensuite avec les acteurs-cl\u00e9s du Conseil des EPF et des institutions, y c. les instances charg\u00e9es de repr\u00e9senter le corps professoral et la communaut\u00e9 \u00e9tudiante, et s\u2019entretient avec les groupes de parties prenantes du Domaine des EPF issus des secteurs de la formation et de la recherche, ainsi que de l\u2019\u00e9conomie ou encore de la politique.<\/p>\n<p>Le\u00a0<strong>rapport du comit\u00e9 d\u2019experts<\/strong>\u00a0refl\u00e8te l\u2019opinion que ceux-ci se sont forg\u00e9e sur le Domaine des EPF et contient leurs recommandations. La\u00a0<strong>r\u00e9ponse du Conseil des EPF<\/strong>\u00a0permet \u00e0 celui-ci de s\u2019exprimer sur ce rapport et d\u2019adopter ses propres lignes d\u2019action afin de r\u00e9aliser les recommandations au cours des ann\u00e9es suivantes, en collaboration avec les institutions du Domaine des EPF.<\/p>\n<p>Le rapport du comit\u00e9 d\u2019experts et la r\u00e9ponse du Conseil des EPF sont pris en compte lors de l\u2019\u00e9laboration des Objectifs strat\u00e9giques du Conseil f\u00e9d\u00e9ral pour le Domaine des EPF pendant la p\u00e9riode FRI suivante, d\u2019une dur\u00e9e de quatre ans.<\/p>\n\t\t\t\t\t\t\t\t<\/div>\n\t\t\t\t<\/div>\n\t\t\t\t<div class=\"elementor-element elementor-element-1293196 elementor-widget elementor-widget-text-editor\" data-id=\"1293196\" data-element_type=\"widget\" data-e-type=\"widget\" data-widget_type=\"text-editor.default\">\n\t\t\t\t<div class=\"elementor-widget-container\">\n\t\t\t\t\t\t\t\t\t<h2>Evaluation interm\u00e9diaire 2023<\/h2>\n\t\t\t\t\t\t\t\t<\/div>\n\t\t\t\t<\/div>\n\t\t\t\t<div class=\"elementor-element elementor-element-5b43392 elementor-widget elementor-widget-text-editor\" data-id=\"5b43392\" data-element_type=\"widget\" data-e-type=\"widget\" data-widget_type=\"text-editor.default\">\n\t\t\t\t<div class=\"elementor-widget-container\">\n\t\t\t\t\t\t\t\t\t<p>Le Conseil des EPF souhaite remercier le comit\u00e9 d\u2019experts charg\u00e9 de l\u2019\u00e9valuation interm\u00e9diaire 2023 pour l\u2019examen en profondeur du Domaine des EPF et de ses institutions auquel il a proc\u00e9d\u00e9. L\u2019examen des points forts et des faiblesses actuels ainsi que les \u00e9changes productifs et les discussions stimulantes qui en ont r\u00e9sult\u00e9 ont abouti \u00e0 des recommandations \u00e0 caract\u00e8re prospectif, \u00e0 la fois encourageantes et ambitieuses. La mise en \u0153uvre de ces recommandations aidera le Domaine des EPF \u00e0 poursuivre son d\u00e9veloppement au profit du secteur de la formation et de la recherche, de l\u2019\u00e9conomie et de la soci\u00e9t\u00e9 suisses.<\/p>\n<p>Le Conseil des EPF se f\u00e9licite de l\u2019\u00e9valuation g\u00e9n\u00e9rale des experts concernant la qualit\u00e9 exceptionnelle des institutions du Domaine des EPF. Il est \u00e9galement satisfait du fait que les experts ont relev\u00e9 des progr\u00e8s significatifs depuis la derni\u00e8re \u00e9valuation interm\u00e9diaire de 2019 et est conscient de la n\u00e9cessit\u00e9 de poursuivre sa r\u00e9flexion permanente sur la meilleure mani\u00e8re d\u2019am\u00e9liorer encore la performance ainsi que l\u2019impact du Domaine des EPF et de r\u00e9pondre aux d\u00e9fis \u00e0 venir.<\/p>\n<p>Le Conseil des EPF estime qu\u2019il est crucial pour les institutions du Domaine des EPF de maintenir leur capacit\u00e9 \u00e0 rivaliser avec les meilleurs \u00e9tablissements du monde et de demeurer le fleuron du secteur suisse de la formation, de la recherche et de l\u2019innovation (FRI). Gr\u00e2ce \u00e0 l\u2019excellence de leurs activit\u00e9s d\u2019enseignement, de recherche et de transfert de connaissances et de technologie (TCT), les institutions du Domaine des EPF renforcent l\u2019attractivit\u00e9 du secteur FRI ainsi que la prosp\u00e9rit\u00e9 et la comp\u00e9titivit\u00e9 de la soci\u00e9t\u00e9 et de l\u2019\u00e9conomie suisses.<\/p>\n\t\t\t\t\t\t\t\t<\/div>\n\t\t\t\t<\/div>\n\t\t\t\t<div class=\"elementor-element elementor-element-31a8eec elementor-widget elementor-widget-text-editor\" data-id=\"31a8eec\" data-element_type=\"widget\" data-e-type=\"widget\" data-widget_type=\"text-editor.default\">\n\t\t\t\t<div class=\"elementor-widget-container\">\n\t\t\t\t\t\t\t\t\t<h3>Etude bibliom\u00e9trique<\/h3>\n\t\t\t\t\t\t\t\t<\/div>\n\t\t\t\t<\/div>\n\t\t\t\t<div class=\"elementor-element elementor-element-8363036 elementor-widget elementor-widget-text-editor\" data-id=\"8363036\" data-element_type=\"widget\" data-e-type=\"widget\" data-widget_type=\"text-editor.default\">\n\t\t\t\t<div class=\"elementor-widget-container\">\n\t\t\t\t\t\t\t\t\t<p>Le Conseil des EPF a command\u00e9 une \u00e9tude bibliom\u00e9trique sur les institutions du Domaine des EPF, conform\u00e9ment \u00e0 son mandat relatif \u00e0 la derni\u00e8re \u00e9valuation interm\u00e9diaire du Domaine des EPF. Cette \u00e9tude a \u00e9t\u00e9 r\u00e9alis\u00e9e pour la cinqui\u00e8me fois cons\u00e9cutive par le Center for Science and Technology Studies (CWTS) de l\u2019Universit\u00e9 de Leiden aux Pays-Bas.<\/p>\n\t\t\t\t\t\t\t\t<\/div>\n\t\t\t\t<\/div>\n\t\t\t\t<div class=\"elementor-element elementor-element-ba8500e elementor-widget elementor-widget-spacer\" data-id=\"ba8500e\" data-element_type=\"widget\" data-e-type=\"widget\" data-widget_type=\"spacer.default\">\n\t\t\t\t<div class=\"elementor-widget-container\">\n\t\t\t\t\t\t\t<div class=\"elementor-spacer\">\n\t\t\t<div class=\"elementor-spacer-inner\"><\/div>\n\t\t<\/div>\n\t\t\t\t\t\t<\/div>\n\t\t\t\t<\/div>\n\t\t\t\t\t<\/div>\n\t\t<\/div>\n\t\t\t\t\t<\/div>\n\t\t<\/section>\n\t\t\t\t<section class=\"elementor-section elementor-top-section elementor-element elementor-element-ff33ca0 elementor-section-boxed elementor-section-height-default elementor-section-height-default\" data-id=\"ff33ca0\" data-element_type=\"section\" data-e-type=\"section\">\n\t\t\t\t\t\t<div class=\"elementor-container elementor-column-gap-default\">\n\t\t\t\t\t<div class=\"elementor-column elementor-col-100 elementor-top-column elementor-element elementor-element-f01a033\" data-id=\"f01a033\" data-element_type=\"column\" data-e-type=\"column\">\n\t\t\t<div class=\"elementor-widget-wrap elementor-element-populated\">\n\t\t\t\t\t\t<div class=\"elementor-element elementor-element-cd139ed elementor-widget elementor-widget-toggle\" data-id=\"cd139ed\" data-element_type=\"widget\" data-e-type=\"widget\" data-widget_type=\"toggle.default\">\n\t\t\t\t<div class=\"elementor-widget-container\">\n\t\t\t\t\t\t\t<div class=\"elementor-toggle\">\n\t\t\t\t\t\t\t<div class=\"elementor-toggle-item\">\n\t\t\t\t\t<div id=\"elementor-tab-title-2151\" class=\"elementor-tab-title\" data-tab=\"1\" role=\"button\" aria-controls=\"elementor-tab-content-2151\" aria-expanded=\"false\">\n\t\t\t\t\t\t\t\t\t\t\t\t<span class=\"elementor-toggle-icon elementor-toggle-icon-right\" aria-hidden=\"true\">\n\t\t\t\t\t\t\t\t\t\t\t\t\t\t\t<span class=\"elementor-toggle-icon-closed\"><i class=\"fas fa-angle-down\"><\/i><\/span>\n\t\t\t\t\t\t\t\t<span class=\"elementor-toggle-icon-opened\"><i class=\"elementor-toggle-icon-opened fas fa-angle-up\"><\/i><\/span>\n\t\t\t\t\t\t\t\t\t\t\t\t\t<\/span>\n\t\t\t\t\t\t\t\t\t\t\t\t<a class=\"elementor-toggle-title\" tabindex=\"0\">Bibliometric Study 2009-2020\/2021<\/a>\n\t\t\t\t\t<\/div>\n\n\t\t\t\t\t<div id=\"elementor-tab-content-2151\" class=\"elementor-tab-content elementor-clearfix\" data-tab=\"1\" role=\"region\" aria-labelledby=\"elementor-tab-title-2151\"><p><a href=\"https:\/\/ethrat.ch\/wp-content\/uploads\/2023\/10\/1_Bibliometric-Study-ETH-Domain.pdf\" target=\"_blank\" rel=\"noopener\">Bibliometric study of the ETH Domain<\/a><\/p>\n<p><a href=\"https:\/\/ethrat.ch\/wp-content\/uploads\/2023\/10\/2_Bibliometric-Study-ETH-Zurich.pdf\" target=\"_blank\" rel=\"noopener\">Bibliometric study of ETH Zurich<\/a><\/p>\n<p><a href=\"https:\/\/ethrat.ch\/wp-content\/uploads\/2023\/10\/3_Bibliometric-Study-EPFL.pdf\" target=\"_blank\" rel=\"noopener\">Bibliometric study the EPFL<\/a><\/p>\n<p><a href=\"https:\/\/ethrat.ch\/wp-content\/uploads\/2023\/10\/4_Bibliometric-Study-PSI.pdf\" target=\"_blank\" rel=\"noopener\">Bibliometric study of PSI<\/a><\/p>\n<p><a href=\"https:\/\/ethrat.ch\/wp-content\/uploads\/2023\/10\/6_Bibliometric-Study-Empa.pdf\" target=\"_blank\" rel=\"noopener\">Bibliometric study of Empa<\/a><\/p>\n<p><a href=\"https:\/\/ethrat.ch\/wp-content\/uploads\/2023\/10\/5_Bibliometric-Study-WSL.pdf\" target=\"_blank\" rel=\"noopener\">Bibliometric study of the WSL<\/a><\/p>\n<p><a href=\"https:\/\/ethrat.ch\/wp-content\/uploads\/2023\/10\/7_Bibliometric-study-Eawag.pdf\" target=\"_blank\" rel=\"noopener\">Bibliometric study of Eawag<\/a><\/p>\n<\/div>\n\t\t\t\t<\/div>\n\t\t\t\t\t\t\t\t\t\t<script type=\"application\/ld+json\">{\"@context\":\"https:\\\/\\\/schema.org\",\"@type\":\"FAQPage\",\"mainEntity\":[{\"@type\":\"Question\",\"name\":\"Bibliometric Study 2009-2020\\\/2021\",\"acceptedAnswer\":{\"@type\":\"Answer\",\"text\":\"<p><a href=\\\"https:\\\/\\\/ethrat.ch\\\/wp-content\\\/uploads\\\/2023\\\/10\\\/1_Bibliometric-Study-ETH-Domain.pdf\\\" target=\\\"_blank\\\" rel=\\\"noopener\\\">Bibliometric study of the ETH Domain<\\\/a><\\\/p>\\n<p><a href=\\\"https:\\\/\\\/ethrat.ch\\\/wp-content\\\/uploads\\\/2023\\\/10\\\/2_Bibliometric-Study-ETH-Zurich.pdf\\\" target=\\\"_blank\\\" rel=\\\"noopener\\\">Bibliometric study of ETH Zurich<\\\/a><\\\/p>\\n<p><a href=\\\"https:\\\/\\\/ethrat.ch\\\/wp-content\\\/uploads\\\/2023\\\/10\\\/3_Bibliometric-Study-EPFL.pdf\\\" target=\\\"_blank\\\" rel=\\\"noopener\\\">Bibliometric study the EPFL<\\\/a><\\\/p>\\n<p><a href=\\\"https:\\\/\\\/ethrat.ch\\\/wp-content\\\/uploads\\\/2023\\\/10\\\/4_Bibliometric-Study-PSI.pdf\\\" target=\\\"_blank\\\" rel=\\\"noopener\\\">Bibliometric study of PSI<\\\/a><\\\/p>\\n<p><a href=\\\"https:\\\/\\\/ethrat.ch\\\/wp-content\\\/uploads\\\/2023\\\/10\\\/6_Bibliometric-Study-Empa.pdf\\\" target=\\\"_blank\\\" rel=\\\"noopener\\\">Bibliometric study of Empa<\\\/a><\\\/p>\\n<p><a href=\\\"https:\\\/\\\/ethrat.ch\\\/wp-content\\\/uploads\\\/2023\\\/10\\\/5_Bibliometric-Study-WSL.pdf\\\" target=\\\"_blank\\\" rel=\\\"noopener\\\">Bibliometric study of the WSL<\\\/a><\\\/p>\\n<p><a href=\\\"https:\\\/\\\/ethrat.ch\\\/wp-content\\\/uploads\\\/2023\\\/10\\\/7_Bibliometric-study-Eawag.pdf\\\" target=\\\"_blank\\\" rel=\\\"noopener\\\">Bibliometric study of Eawag<\\\/a><\\\/p>\\n\"}}]}<\/script>\n\t\t\t\t\t<\/div>\n\t\t\t\t\t\t<\/div>\n\t\t\t\t<\/div>\n\t\t\t\t\t<\/div>\n\t\t<\/div>\n\t\t\t\t\t<\/div>\n\t\t<\/section>\n\t\t\t\t<section class=\"elementor-section elementor-top-section elementor-element elementor-element-74d0764 elementor-section-boxed elementor-section-height-default elementor-section-height-default\" data-id=\"74d0764\" data-element_type=\"section\" data-e-type=\"section\">\n\t\t\t\t\t\t<div class=\"elementor-container elementor-column-gap-default\">\n\t\t\t\t\t<div class=\"elementor-column elementor-col-100 elementor-top-column elementor-element elementor-element-5300c37\" data-id=\"5300c37\" data-element_type=\"column\" data-e-type=\"column\">\n\t\t\t<div class=\"elementor-widget-wrap elementor-element-populated\">\n\t\t\t\t\t\t<div class=\"elementor-element elementor-element-996a7e9 elementor-widget elementor-widget-text-editor\" data-id=\"996a7e9\" data-element_type=\"widget\" data-e-type=\"widget\" data-widget_type=\"text-editor.default\">\n\t\t\t\t<div class=\"elementor-widget-container\">\n\t\t\t\t\t\t\t\t\t<h3>Evaluation interm\u00e9diaire 2015 et 2019<\/h3>\n\t\t\t\t\t\t\t\t<\/div>\n\t\t\t\t<\/div>\n\t\t\t\t<div class=\"elementor-element elementor-element-458c92c elementor-widget elementor-widget-toggle\" data-id=\"458c92c\" data-element_type=\"widget\" data-e-type=\"widget\" data-widget_type=\"toggle.default\">\n\t\t\t\t<div class=\"elementor-widget-container\">\n\t\t\t\t\t\t\t<div class=\"elementor-toggle\">\n\t\t\t\t\t\t\t<div class=\"elementor-toggle-item\">\n\t\t\t\t\t<div id=\"elementor-tab-title-7291\" class=\"elementor-tab-title\" data-tab=\"1\" role=\"button\" aria-controls=\"elementor-tab-content-7291\" aria-expanded=\"false\">\n\t\t\t\t\t\t\t\t\t\t\t\t<span class=\"elementor-toggle-icon elementor-toggle-icon-right\" aria-hidden=\"true\">\n\t\t\t\t\t\t\t\t\t\t\t\t\t\t\t<span class=\"elementor-toggle-icon-closed\"><i class=\"fas fa-angle-down\"><\/i><\/span>\n\t\t\t\t\t\t\t\t<span class=\"elementor-toggle-icon-opened\"><i class=\"elementor-toggle-icon-opened fas fa-angle-up\"><\/i><\/span>\n\t\t\t\t\t\t\t\t\t\t\t\t\t<\/span>\n\t\t\t\t\t\t\t\t\t\t\t\t<a class=\"elementor-toggle-title\" tabindex=\"0\">Archives<\/a>\n\t\t\t\t\t<\/div>\n\n\t\t\t\t\t<div id=\"elementor-tab-content-7291\" class=\"elementor-tab-content elementor-clearfix\" data-tab=\"1\" role=\"region\" aria-labelledby=\"elementor-tab-title-7291\"><h5>Evaluation interm\u00e9diaire 2019<\/h5>\n<ul>\n<li><a href=\"https:\/\/www.ethrat.ch\/wp-content\/uploads\/2021\/09\/selbstevaluation-eth-rat_e.pdf\" target=\"_blank\" rel=\"noopener\">Rapport d\u2019auto-\u00e9valuation du Conseil des EPF<\/a>\u00a0(en anglais)<\/li>\n<li><a href=\"https:\/\/ethrat.ch\/wp-content\/uploads\/2021\/09\/bericht_expertenkommission-2019_f_0.pdf\" target=\"_blank\" rel=\"noopener\">Rapport du comit\u00e9 d\u2019experts\u00a0<\/a><\/li>\n<li><a href=\"https:\/\/ethrat.ch\/wp-content\/uploads\/2021\/09\/IE_2019-Response-ETH-Board-Franzoesich.pdf\" target=\"_blank\" rel=\"noopener\">R\u00e9ponse du Conseil des EPF<\/a><\/li>\n<\/ul>\n<p>&nbsp;<\/p>\n<h5>Evaluation interm\u00e9diaire 2015<\/h5>\n<ul>\n<li><a href=\"https:\/\/ethrat.ch\/wp-content\/uploads\/2023\/12\/Self-Assessment-Report-ETH-Board.pdf\" target=\"_blank\" rel=\"noopener\">Rapport d\u2019auto-\u00e9valuation du Conseil des EPF<\/a>\u00a0(en anglais)<\/li>\n<li><a href=\"https:\/\/ethrat.ch\/wp-content\/uploads\/2023\/12\/Report-evaluation-committee-150408_Final_F.pdf\" target=\"_blank\" rel=\"noopener\">Rapport du comit\u00e9 d\u2019experts<\/a><\/li>\n<li><a href=\"https:\/\/ethrat.ch\/wp-content\/uploads\/2023\/12\/RZ_ETH_Rat_SAR_Response_F_160202.pdf\" target=\"_blank\" rel=\"noopener\">R\u00e9ponse du Conseil des EPF<\/a><\/li>\n<\/ul>\n<\/div>\n\t\t\t\t<\/div>\n\t\t\t\t\t\t\t\t\t\t<script type=\"application\/ld+json\">{\"@context\":\"https:\\\/\\\/schema.org\",\"@type\":\"FAQPage\",\"mainEntity\":[{\"@type\":\"Question\",\"name\":\"Archives\",\"acceptedAnswer\":{\"@type\":\"Answer\",\"text\":\"<h5>Evaluation interm\\u00e9diaire 2019<\\\/h5>\\n<ul>\\n<li><a href=\\\"https:\\\/\\\/www.ethrat.ch\\\/wp-content\\\/uploads\\\/2021\\\/09\\\/selbstevaluation-eth-rat_e.pdf\\\" target=\\\"_blank\\\" rel=\\\"noopener\\\">Rapport d\\u2019auto-\\u00e9valuation du Conseil des EPF<\\\/a>\\u00a0(en anglais)<\\\/li>\\n<li><a href=\\\"https:\\\/\\\/ethrat.ch\\\/wp-content\\\/uploads\\\/2021\\\/09\\\/bericht_expertenkommission-2019_f_0.pdf\\\" target=\\\"_blank\\\" rel=\\\"noopener\\\">Rapport du comit\\u00e9 d\\u2019experts\\u00a0<\\\/a><\\\/li>\\n<li><a href=\\\"https:\\\/\\\/ethrat.ch\\\/wp-content\\\/uploads\\\/2021\\\/09\\\/IE_2019-Response-ETH-Board-Franzoesich.pdf\\\" target=\\\"_blank\\\" rel=\\\"noopener\\\">R\\u00e9ponse du Conseil des EPF<\\\/a><\\\/li>\\n<\\\/ul>\\n<p>&nbsp;<\\\/p>\\n<h5>Evaluation interm\\u00e9diaire 2015<\\\/h5>\\n<ul>\\n<li><a href=\\\"https:\\\/\\\/ethrat.ch\\\/wp-content\\\/uploads\\\/2023\\\/12\\\/Self-Assessment-Report-ETH-Board.pdf\\\" target=\\\"_blank\\\" rel=\\\"noopener\\\">Rapport d\\u2019auto-\\u00e9valuation du Conseil des EPF<\\\/a>\\u00a0(en anglais)<\\\/li>\\n<li><a href=\\\"https:\\\/\\\/ethrat.ch\\\/wp-content\\\/uploads\\\/2023\\\/12\\\/Report-evaluation-committee-150408_Final_F.pdf\\\" target=\\\"_blank\\\" rel=\\\"noopener\\\">Rapport du comit\\u00e9 d\\u2019experts<\\\/a><\\\/li>\\n<li><a href=\\\"https:\\\/\\\/ethrat.ch\\\/wp-content\\\/uploads\\\/2023\\\/12\\\/RZ_ETH_Rat_SAR_Response_F_160202.pdf\\\" target=\\\"_blank\\\" rel=\\\"noopener\\\">R\\u00e9ponse du Conseil des EPF<\\\/a><\\\/li>\\n<\\\/ul>\\n\"}}]}<\/script>\n\t\t\t\t\t<\/div>\n\t\t\t\t\t\t<\/div>\n\t\t\t\t<\/div>\n\t\t\t\t\t<\/div>\n\t\t<\/div>\n\t\t\t\t\t<\/div>\n\t\t<\/section>\n\t\t\t\t<\/div>\n\t\t","protected":false},"excerpt":{"rendered":"<p>Le Domaine des EPF se soumet tous les quatre ans \u00e0 une \u00e9valuation approfondie r\u00e9alis\u00e9e par un groupe d\u2019experts suisses et \u00e9trangers mandat\u00e9s par le D\u00e9partement f\u00e9d\u00e9ral de l\u2019\u00e9conomie, de la formation et de la recherche (DEFR). Pour se faire une opinion g\u00e9n\u00e9rale du Domaine des EPF, le comit\u00e9 d\u2019experts commence par lire le\u00a0rapport d\u2019auto-\u00e9valuation\u00a0d\u00e9taill\u00e9 &#8230;<\/p>\n","protected":false},"author":11,"featured_media":0,"parent":16811,"menu_order":0,"comment_status":"closed","ping_status":"closed","template":"","meta":{"_acf_changed":false,"footnotes":"","_links_to":"","_links_to_target":""},"search-tag":[],"class_list":["post-47721","page","type-page","status-publish","hentry"],"acf":[],"yoast_head":"<!-- This site is optimized with the Yoast SEO plugin v27.3 - https:\/\/yoast.com\/product\/yoast-seo-wordpress\/ -->\n<title>Evaluation interm\u00e9diaire du Domaine des EPF - Conseil des EPF<\/title>\n<meta name=\"robots\" content=\"index, follow, max-snippet:-1, max-image-preview:large, max-video-preview:-1\" \/>\n<link rel=\"canonical\" href=\"https:\/\/ethrat.ch\/fr\/actualites\/evaluation-intermediaire-du-domaine-des-epf\/\" \/>\n<meta property=\"og:locale\" content=\"fr_FR\" \/>\n<meta property=\"og:type\" content=\"article\" \/>\n<meta property=\"og:title\" content=\"Evaluation interm\u00e9diaire du Domaine des EPF - Conseil des EPF\" \/>\n<meta property=\"og:description\" content=\"Le Domaine des EPF se soumet tous les quatre ans \u00e0 une \u00e9valuation approfondie r\u00e9alis\u00e9e par un groupe d\u2019experts suisses et \u00e9trangers mandat\u00e9s par le D\u00e9partement f\u00e9d\u00e9ral de l\u2019\u00e9conomie, de la formation et de la recherche (DEFR). Pour se faire une opinion g\u00e9n\u00e9rale du Domaine des EPF, le comit\u00e9 d\u2019experts commence par lire le\u00a0rapport d\u2019auto-\u00e9valuation\u00a0d\u00e9taill\u00e9 ...\" \/>\n<meta property=\"og:url\" content=\"https:\/\/ethrat.ch\/fr\/actualites\/evaluation-intermediaire-du-domaine-des-epf\/\" \/>\n<meta property=\"og:site_name\" content=\"Conseil des EPF\" \/>\n<meta property=\"article:modified_time\" content=\"2024-04-25T08:03:53+00:00\" \/>\n<meta property=\"og:image\" content=\"https:\/\/ethrat.ch\/wp-content\/uploads\/2021\/11\/Petrol_francesco-ungaro-_yJWGhKaO8k-unsplash-1.jpg\" \/>\n\t<meta property=\"og:image:width\" content=\"1120\" \/>\n\t<meta property=\"og:image:height\" content=\"580\" \/>\n\t<meta property=\"og:image:type\" content=\"image\/jpeg\" \/>\n<meta name=\"twitter:card\" content=\"summary_large_image\" \/>\n<meta name=\"twitter:site\" content=\"@eth_rat\" \/>\n<meta name=\"twitter:label1\" content=\"Dur\u00e9e de lecture estim\u00e9e\" \/>\n\t<meta name=\"twitter:data1\" content=\"4 minutes\" \/>\n<script type=\"application\/ld+json\" class=\"yoast-schema-graph\">{\"@context\":\"https:\\\/\\\/schema.org\",\"@graph\":[{\"@type\":\"WebPage\",\"@id\":\"https:\\\/\\\/ethrat.ch\\\/fr\\\/actualites\\\/evaluation-intermediaire-du-domaine-des-epf\\\/\",\"url\":\"https:\\\/\\\/ethrat.ch\\\/fr\\\/actualites\\\/evaluation-intermediaire-du-domaine-des-epf\\\/\",\"name\":\"Evaluation interm\u00e9diaire du Domaine des EPF - Conseil des EPF\",\"isPartOf\":{\"@id\":\"https:\\\/\\\/ethrat.ch\\\/de\\\/#website\"},\"primaryImageOfPage\":{\"@id\":\"https:\\\/\\\/ethrat.ch\\\/fr\\\/actualites\\\/evaluation-intermediaire-du-domaine-des-epf\\\/#primaryimage\"},\"image\":{\"@id\":\"https:\\\/\\\/ethrat.ch\\\/fr\\\/actualites\\\/evaluation-intermediaire-du-domaine-des-epf\\\/#primaryimage\"},\"thumbnailUrl\":\"https:\\\/\\\/ethrat.ch\\\/wp-content\\\/uploads\\\/2021\\\/11\\\/Petrol_francesco-ungaro-_yJWGhKaO8k-unsplash-1.jpg\",\"datePublished\":\"2024-04-25T08:03:52+00:00\",\"dateModified\":\"2024-04-25T08:03:53+00:00\",\"breadcrumb\":{\"@id\":\"https:\\\/\\\/ethrat.ch\\\/fr\\\/actualites\\\/evaluation-intermediaire-du-domaine-des-epf\\\/#breadcrumb\"},\"inLanguage\":\"fr-FR\",\"potentialAction\":[{\"@type\":\"ReadAction\",\"target\":[\"https:\\\/\\\/ethrat.ch\\\/fr\\\/actualites\\\/evaluation-intermediaire-du-domaine-des-epf\\\/\"]}]},{\"@type\":\"ImageObject\",\"inLanguage\":\"fr-FR\",\"@id\":\"https:\\\/\\\/ethrat.ch\\\/fr\\\/actualites\\\/evaluation-intermediaire-du-domaine-des-epf\\\/#primaryimage\",\"url\":\"https:\\\/\\\/ethrat.ch\\\/wp-content\\\/uploads\\\/2021\\\/11\\\/Petrol_francesco-ungaro-_yJWGhKaO8k-unsplash-1.jpg\",\"contentUrl\":\"https:\\\/\\\/ethrat.ch\\\/wp-content\\\/uploads\\\/2021\\\/11\\\/Petrol_francesco-ungaro-_yJWGhKaO8k-unsplash-1.jpg\"},{\"@type\":\"BreadcrumbList\",\"@id\":\"https:\\\/\\\/ethrat.ch\\\/fr\\\/actualites\\\/evaluation-intermediaire-du-domaine-des-epf\\\/#breadcrumb\",\"itemListElement\":[{\"@type\":\"ListItem\",\"position\":1,\"name\":\"Home\",\"item\":\"https:\\\/\\\/ethrat.ch\\\/fr\\\/\"},{\"@type\":\"ListItem\",\"position\":2,\"name\":\"Actualit\u00e9s\",\"item\":\"https:\\\/\\\/ethrat.ch\\\/fr\\\/actualites\\\/\"},{\"@type\":\"ListItem\",\"position\":3,\"name\":\"Evaluation interm\u00e9diaire du Domaine des EPF\"}]},{\"@type\":\"WebSite\",\"@id\":\"https:\\\/\\\/ethrat.ch\\\/de\\\/#website\",\"url\":\"https:\\\/\\\/ethrat.ch\\\/de\\\/\",\"name\":\"ETH-Rat\",\"description\":\"\",\"publisher\":{\"@id\":\"https:\\\/\\\/ethrat.ch\\\/de\\\/#organization\"},\"potentialAction\":[{\"@type\":\"SearchAction\",\"target\":{\"@type\":\"EntryPoint\",\"urlTemplate\":\"https:\\\/\\\/ethrat.ch\\\/de\\\/?s={search_term_string}\"},\"query-input\":{\"@type\":\"PropertyValueSpecification\",\"valueRequired\":true,\"valueName\":\"search_term_string\"}}],\"inLanguage\":\"fr-FR\"},{\"@type\":\"Organization\",\"@id\":\"https:\\\/\\\/ethrat.ch\\\/de\\\/#organization\",\"name\":\"ETH-Rat\",\"url\":\"https:\\\/\\\/ethrat.ch\\\/de\\\/\",\"logo\":{\"@type\":\"ImageObject\",\"inLanguage\":\"fr-FR\",\"@id\":\"https:\\\/\\\/ethrat.ch\\\/de\\\/#\\\/schema\\\/logo\\\/image\\\/\",\"url\":\"https:\\\/\\\/ethrat.ch\\\/wp-content\\\/uploads\\\/2024\\\/04\\\/logo-white.svg\",\"contentUrl\":\"https:\\\/\\\/ethrat.ch\\\/wp-content\\\/uploads\\\/2024\\\/04\\\/logo-white.svg\",\"width\":283,\"height\":81,\"caption\":\"ETH-Rat\"},\"image\":{\"@id\":\"https:\\\/\\\/ethrat.ch\\\/de\\\/#\\\/schema\\\/logo\\\/image\\\/\"},\"sameAs\":[\"https:\\\/\\\/x.com\\\/eth_rat\",\"https:\\\/\\\/issuu.com\\\/ethrat\",\"https:\\\/\\\/www.linkedin.com\\\/company\\\/eth-rat\\\/\"]}]}<\/script>\n<!-- \/ Yoast SEO plugin. -->","yoast_head_json":{"title":"Evaluation interm\u00e9diaire du Domaine des EPF - Conseil des EPF","robots":{"index":"index","follow":"follow","max-snippet":"max-snippet:-1","max-image-preview":"max-image-preview:large","max-video-preview":"max-video-preview:-1"},"canonical":"https:\/\/ethrat.ch\/fr\/actualites\/evaluation-intermediaire-du-domaine-des-epf\/","og_locale":"fr_FR","og_type":"article","og_title":"Evaluation interm\u00e9diaire du Domaine des EPF - Conseil des EPF","og_description":"Le Domaine des EPF se soumet tous les quatre ans \u00e0 une \u00e9valuation approfondie r\u00e9alis\u00e9e par un groupe d\u2019experts suisses et \u00e9trangers mandat\u00e9s par le D\u00e9partement f\u00e9d\u00e9ral de l\u2019\u00e9conomie, de la formation et de la recherche (DEFR). Pour se faire une opinion g\u00e9n\u00e9rale du Domaine des EPF, le comit\u00e9 d\u2019experts commence par lire le\u00a0rapport d\u2019auto-\u00e9valuation\u00a0d\u00e9taill\u00e9 ...","og_url":"https:\/\/ethrat.ch\/fr\/actualites\/evaluation-intermediaire-du-domaine-des-epf\/","og_site_name":"Conseil des EPF","article_modified_time":"2024-04-25T08:03:53+00:00","og_image":[{"width":1120,"height":580,"url":"https:\/\/ethrat.ch\/wp-content\/uploads\/2021\/11\/Petrol_francesco-ungaro-_yJWGhKaO8k-unsplash-1.jpg","type":"image\/jpeg"}],"twitter_card":"summary_large_image","twitter_site":"@eth_rat","twitter_misc":{"Dur\u00e9e de lecture estim\u00e9e":"4 minutes"},"schema":{"@context":"https:\/\/schema.org","@graph":[{"@type":"WebPage","@id":"https:\/\/ethrat.ch\/fr\/actualites\/evaluation-intermediaire-du-domaine-des-epf\/","url":"https:\/\/ethrat.ch\/fr\/actualites\/evaluation-intermediaire-du-domaine-des-epf\/","name":"Evaluation interm\u00e9diaire du Domaine des EPF - Conseil des EPF","isPartOf":{"@id":"https:\/\/ethrat.ch\/de\/#website"},"primaryImageOfPage":{"@id":"https:\/\/ethrat.ch\/fr\/actualites\/evaluation-intermediaire-du-domaine-des-epf\/#primaryimage"},"image":{"@id":"https:\/\/ethrat.ch\/fr\/actualites\/evaluation-intermediaire-du-domaine-des-epf\/#primaryimage"},"thumbnailUrl":"https:\/\/ethrat.ch\/wp-content\/uploads\/2021\/11\/Petrol_francesco-ungaro-_yJWGhKaO8k-unsplash-1.jpg","datePublished":"2024-04-25T08:03:52+00:00","dateModified":"2024-04-25T08:03:53+00:00","breadcrumb":{"@id":"https:\/\/ethrat.ch\/fr\/actualites\/evaluation-intermediaire-du-domaine-des-epf\/#breadcrumb"},"inLanguage":"fr-FR","potentialAction":[{"@type":"ReadAction","target":["https:\/\/ethrat.ch\/fr\/actualites\/evaluation-intermediaire-du-domaine-des-epf\/"]}]},{"@type":"ImageObject","inLanguage":"fr-FR","@id":"https:\/\/ethrat.ch\/fr\/actualites\/evaluation-intermediaire-du-domaine-des-epf\/#primaryimage","url":"https:\/\/ethrat.ch\/wp-content\/uploads\/2021\/11\/Petrol_francesco-ungaro-_yJWGhKaO8k-unsplash-1.jpg","contentUrl":"https:\/\/ethrat.ch\/wp-content\/uploads\/2021\/11\/Petrol_francesco-ungaro-_yJWGhKaO8k-unsplash-1.jpg"},{"@type":"BreadcrumbList","@id":"https:\/\/ethrat.ch\/fr\/actualites\/evaluation-intermediaire-du-domaine-des-epf\/#breadcrumb","itemListElement":[{"@type":"ListItem","position":1,"name":"Home","item":"https:\/\/ethrat.ch\/fr\/"},{"@type":"ListItem","position":2,"name":"Actualit\u00e9s","item":"https:\/\/ethrat.ch\/fr\/actualites\/"},{"@type":"ListItem","position":3,"name":"Evaluation interm\u00e9diaire du Domaine des EPF"}]},{"@type":"WebSite","@id":"https:\/\/ethrat.ch\/de\/#website","url":"https:\/\/ethrat.ch\/de\/","name":"ETH-Rat","description":"","publisher":{"@id":"https:\/\/ethrat.ch\/de\/#organization"},"potentialAction":[{"@type":"SearchAction","target":{"@type":"EntryPoint","urlTemplate":"https:\/\/ethrat.ch\/de\/?s={search_term_string}"},"query-input":{"@type":"PropertyValueSpecification","valueRequired":true,"valueName":"search_term_string"}}],"inLanguage":"fr-FR"},{"@type":"Organization","@id":"https:\/\/ethrat.ch\/de\/#organization","name":"ETH-Rat","url":"https:\/\/ethrat.ch\/de\/","logo":{"@type":"ImageObject","inLanguage":"fr-FR","@id":"https:\/\/ethrat.ch\/de\/#\/schema\/logo\/image\/","url":"https:\/\/ethrat.ch\/wp-content\/uploads\/2024\/04\/logo-white.svg","contentUrl":"https:\/\/ethrat.ch\/wp-content\/uploads\/2024\/04\/logo-white.svg","width":283,"height":81,"caption":"ETH-Rat"},"image":{"@id":"https:\/\/ethrat.ch\/de\/#\/schema\/logo\/image\/"},"sameAs":["https:\/\/x.com\/eth_rat","https:\/\/issuu.com\/ethrat","https:\/\/www.linkedin.com\/company\/eth-rat\/"]}]}},"_links":{"self":[{"href":"https:\/\/ethrat.ch\/fr\/wp-json\/wp\/v2\/pages\/47721","targetHints":{"allow":["GET"]}}],"collection":[{"href":"https:\/\/ethrat.ch\/fr\/wp-json\/wp\/v2\/pages"}],"about":[{"href":"https:\/\/ethrat.ch\/fr\/wp-json\/wp\/v2\/types\/page"}],"author":[{"embeddable":true,"href":"https:\/\/ethrat.ch\/fr\/wp-json\/wp\/v2\/users\/11"}],"replies":[{"embeddable":true,"href":"https:\/\/ethrat.ch\/fr\/wp-json\/wp\/v2\/comments?post=47721"}],"version-history":[{"count":0,"href":"https:\/\/ethrat.ch\/fr\/wp-json\/wp\/v2\/pages\/47721\/revisions"}],"up":[{"embeddable":true,"href":"https:\/\/ethrat.ch\/fr\/wp-json\/wp\/v2\/pages\/16811"}],"wp:attachment":[{"href":"https:\/\/ethrat.ch\/fr\/wp-json\/wp\/v2\/media?parent=47721"}],"wp:term":[{"taxonomy":"search-tag","embeddable":true,"href":"https:\/\/ethrat.ch\/fr\/wp-json\/wp\/v2\/search-tag?post=47721"}],"curies":[{"name":"wp","href":"https:\/\/api.w.org\/{rel}","templated":true}]}}